{"id":25132,"date":"2020-10-02T16:26:20","date_gmt":"2020-10-02T14:26:20","guid":{"rendered":"https:\/\/www.polypoles.com\/alquiler-de-calefaccion-2\/"},"modified":"2024-11-20T14:23:16","modified_gmt":"2024-11-20T13:23:16","slug":"alquiler-de-calefaccion-2","status":"publish","type":"page","link":"https:\/\/www.polypoles.com\/es\/alquiler-de-calefaccion-2\/","title":{"rendered":"Alquiler de calefacci\u00f3n"},"content":{"rendered":"<div class=\"wpb-content-wrapper\"><p>[vc_row][vc_column][vc_column_text]<\/p>\n<h1 style=\"text-align: center;\">Alquiler de calefacci\u00f3n<\/h1>\n<p>[\/vc_column_text][\/vc_column][\/vc_row][vc_row][vc_column][vc_row_inner][vc_column_inner width=\u00bb2\/3&#8243;][vc_column_text]<\/p>\n<h2>Alquiler de calefacci\u00f3n de 2 kW a 1000 kW<\/h2>\n<p>[\/vc_column_text][vc_column_text]\u00a1La reputaci\u00f3n de POLYPOLES est\u00e1 bien consolidada!<br \/>\nDesde el alquiler de equipos de calefacci\u00f3n hasta la puesta en marcha, ponemos en marcha la soluci\u00f3n m\u00e1s adecuada para tu problema temporal o permanente.<br \/>\nNuestras d\u00e9cadas de experiencia, desde los estudios personalizados hasta nuestras numerosas instalaciones, nos han convertido en un actor clave del mercado.<br \/>\nNuestro equipo de ingenieros especializados en ingenier\u00eda t\u00e9rmica puede asesorarte y est\u00e1 a tu disposici\u00f3n para ayudarte a tomar las decisiones correctas y llevar a cabo tu proyecto.<br \/>\nEstudios t\u00e9rmicos, planos 3D&#8230;[\/vc_column_text][\/vc_column_inner][vc_column_inner width=\u00bb1\/3&#8243;][vc_single_image image=\u00bb11469&#8243; img_size=\u00bbfull\u00bb css=\u00bb.vc_custom_1643119113202{margin-top: 20px !important;}\u00bb][\/vc_column_inner][\/vc_row_inner][\/vc_column][\/vc_row][vc_row][vc_column width=\u00bb1\/3&#8243;][vc_btn title=\u00bb0 810 020 851&#8243; color=\u00bbjuicy-pink\u00bb size=\u00bblg\u00bb align=\u00bbcenter\u00bb i_icon_fontawesome=\u00bbfa fa-phone\u00bb add_icon=\u00bbtrue\u00bb link=\u00bburl:tel%3A%2B33810020851|title:Llama%20a%20Polypoles|rel:nofollow|\u00bb el_class=\u00bbappel\u00bb][\/vc_column][vc_column width=\u00bb1\/3&#8243;][vc_btn title=\u00bbCita\u00bb color=\u00bbprimary\u00bb size=\u00bblg\u00bb i_icon_fontawesome=\u00bbfa fa-envelope-o\u00bb add_icon=\u00bbtrue\u00bb link=\u00bburl:https%3A%2F%2Fwww.polypoles.com%2Fes%2Fsolicitud-de-devolucion-de-llamada%2F|title:Ponte%20en%20contacto%20con|\u00bb el_class=\u00bbdevis\u00bb][\/vc_column][\/vc_row][vc_row][vc_column][vc_empty_space height=\u00bb50px\u00bb][vc_column_text]<\/p>\n<h2>Polypoles, socio local<\/h2>\n<p>Como <strong>especialistas en emergencias de calefacci\u00f3n y refrigeraci\u00f3n<\/strong>, tenemos capacidad para intervenir con extrema rapidez en caso de aver\u00eda, ola de fr\u00edo o deshielo. Gracias a nuestras 7 delegaciones de alquiler de calefacci\u00f3n<strong>(Par\u00eds, Lilles, Burdeos, Lyon, Toulouse, Nancy, Nantes<\/strong>) y a nuestro stock permanente de material de calefacci\u00f3n. Garantizando el rendimiento de nuestros clientes, ofrecemos una gama de aparatos de calefacci\u00f3n fiables y resistentes. El <strong>servicio al cliente<\/strong> es una de nuestras <strong>piedras angulares<\/strong>. Como propietarios de nuestras marcas y de nuestro saber hacer, disponemos de una gama completa de m\u00e1s de<strong> 5.000 aparatos de calefacci\u00f3n<\/strong>, lo que permite a POLYPOLES ofrecer un alto grado de <strong>modularidad<\/strong>. Tanto si quieres alquilar un calefactor m\u00f3vil como un calefactor profesional, tenemos una gama completa de ofertas y asesoramiento. Disponemos de varios modelos de calentador: <strong>calentadores m\u00f3viles o fijos<\/strong>. No dudes en ponerte en contacto con tu sucursal m\u00e1s cercana en el n\u00famero que aparece a continuaci\u00f3n, y uno de nuestros asesores estar\u00e1 encantado de responder a todas tus preguntas.<\/p>\n<p>Presupuesto inmediato y gratuito.[\/vc_column_text][\/vc_column][\/vc_row][vc_row gap=\u00bb35&#8243; equal_height=\u00bbyes\u00bb content_placement=\u00bbmiddle\u00bb el_class=\u00bbgamme\u00bb][vc_column width=\u00bb1\/5&#8243;][vc_single_image image=\u00bb10270&#8243; img_size=\u00bb\u00bb alignment=\u00bbcenter\u00bb onclick=\u00bbcustom_link\u00bb css=\u00bb\u00bb link=\u00bbhttps:\/\/www.polypoles.com\/es\/alquiler-de-calefaccion-para-carpas\/\u00bb]<div class=\"rs-header-title header-center  vc_custom_1732108993621 \">         \r\n        \t\t<h2 class=\"title\" style=\"color: #ffffff\">Alquiler de calefacci\u00f3n para carpas<\/h2><p class=\"introtext\"  style=\"color: #ffffff\">Nuestra amplia gama nos permite satisfacer las necesidades de cualquier tama\u00f1o de almac\u00e9n o carpa...<\/p><div class=\"header-button\">\r\n\t                    <a href=\"https:\/\/www.polypoles.com\/es\/alquiler-de-calefaccion-para-carpas\/\" title=\"Alquiler de calefacci\u00f3n para carpas\"  class=\"readon border smoothPortfolio\">M\u00e1s informaci\u00f3n<\/a>\r\n\t                <\/div><\/div>[\/vc_column][vc_column width=\u00bb1\/5&#8243;][vc_single_image image=\u00bb10015&#8243; img_size=\u00bb\u00bb alignment=\u00bbcenter\u00bb onclick=\u00bbcustom_link\u00bb css=\u00bb\u00bb link=\u00bbhttps:\/\/www.polypoles.com\/es\/alquiler-de-calefaccion-industrial\/\u00bb]<div class=\"rs-header-title header-center  vc_custom_1732108934608 \">         \r\n        \t\t<h2 class=\"title\" style=\"color: #ffffff\">Alquiler de calefacci\u00f3n industrial<\/h2><p class=\"introtext\"  style=\"color: #ffffff\">Calefacci\u00f3n para tus talleres, procesos de producci\u00f3n, edificios, almacenes, zonas p\u00fablicas, soluci\u00f3n de problemas para instaladores...<\/p><div class=\"header-button\">\r\n\t                    <a href=\"https:\/\/www.polypoles.com\/es\/alquiler-de-calefaccion-industrial\/\" title=\"Alquiler de calefacci\u00f3n industrial\"  class=\"readon border smoothPortfolio\">M\u00e1s informaci\u00f3n<\/a>\r\n\t                <\/div><\/div>[\/vc_column][vc_column width=\u00bb1\/5&#8243;][vc_single_image image=\u00bb10016&#8243; img_size=\u00bb\u00bb alignment=\u00bbcenter\u00bb onclick=\u00bbcustom_link\u00bb link=\u00bbhttps:\/\/www.polypoles.com\/es\/alquiler-de-estufas-moviles\/\u00bb]<div class=\"rs-header-title header-center  vc_custom_1666274527854 \">         \r\n        \t\t<h2 class=\"title\" style=\"color: #ffffff\">Alquiler de calefacci\u00f3n m\u00f3vil<\/h2><p class=\"introtext\"  style=\"color: #ffffff\">F\u00e1cilmente transportable, puede utilizarse para calentar oficinas, zonas de trabajo, trabajadores en obras al aire libre, etc.<\/p><div class=\"header-button\">\r\n\t                    <a href=\"https:\/\/www.polypoles.com\/es\/alquiler-de-estufas-moviles\/\" title=\"M\u00e1s informaci\u00f3n\"  class=\"readon border smoothPortfolio\">M\u00e1s informaci\u00f3n<\/a>\r\n\t                <\/div><\/div>[\/vc_column][vc_column width=\u00bb1\/5&#8243;][vc_single_image image=\u00bb17211&#8243; img_size=\u00bb\u00bb alignment=\u00bbcenter\u00bb onclick=\u00bbcustom_link\u00bb link=\u00bbhttps:\/\/www.polypoles.com\/es\/alquiler-de-calefaccion\/\u00bb]<div class=\"rs-header-title header-center  vc_custom_1730120862982 \">         \r\n        \t\t<h2 class=\"title\" style=\"color: #ffffff\">Alquiler de calefacci\u00f3n<\/h2><p class=\"introtext\"  style=\"color: #ffffff\">Entrega urgente de calefacci\u00f3n para las necesidades de tu obra. Amplia gama de equipos. Calefactores, deshumidificadores...<\/p><div class=\"header-button\">\r\n\t                    <a href=\"https:\/\/www.polypoles.com\/es\/alquiler-de-calefaccion\/\" title=\"M\u00e1s informaci\u00f3n\"  class=\"readon border smoothPortfolio\">M\u00e1s informaci\u00f3n<\/a>\r\n\t                <\/div><\/div>[\/vc_column][vc_column width=\u00bb1\/5&#8243;][vc_single_image image=\u00bb21771&#8243; img_size=\u00bb\u00bb alignment=\u00bbcenter\u00bb onclick=\u00bbcustom_link\u00bb link=\u00bbhttps:\/\/www.polypoles.com\/es\/alquiler-de-calefaccion-electrica\/\u00bb]<div class=\"rs-header-title header-center  vc_custom_1730120911919 \">         \r\n        \t\t<h2 class=\"title\" style=\"color: #ffffff\">Alquiler de calefacci\u00f3n el\u00e9ctrica<\/h2><p class=\"introtext\"  style=\"color: #ffffff\">Los calentadores el\u00e9ctricos ofrecen ventajas innegables en cuanto a potencia y flexibilidad...<\/p><div class=\"header-button\">\r\n\t                    <a href=\"https:\/\/www.polypoles.com\/es\/alquiler-de-calefaccion-electrica\/\" title=\"M\u00e1s informaci\u00f3n\"  class=\"readon border smoothPortfolio\">M\u00e1s informaci\u00f3n<\/a>\r\n\t                <\/div><\/div>[\/vc_column][\/vc_row][vc_row][vc_column][vc_empty_space height=\u00bb50px\u00bb][vc_separator][\/vc_column][\/vc_row][vc_row][vc_column][vc_column_text]<\/p>\n<h3>Alquila tu material para un ahorro garantizado<\/h3>\n<p>Elegir el alquiler de calefacci\u00f3n a corto o largo plazo significa que no tienes que invertir en una instalaci\u00f3n costosa que puede quedarse obsoleta con el tiempo, o incluso invertir en un local que no es de tu propiedad. Hay muchos puntos positivos a tener en cuenta:<\/p>\n<ul>\n<li>Sin inversi\u00f3n<\/li>\n<li>Sin almacenamiento en m\u00e1quina (ahorra espacio)<\/li>\n<li>Sin revisi\u00f3n, mantenimiento ni reparaci\u00f3n a tu cargo<\/li>\n<li>Sustituci\u00f3n del material en caso de aver\u00eda<\/li>\n<li>Modularidad en la elecci\u00f3n del equipamiento (posibilidad de actualizar tu soluci\u00f3n).<\/li>\n<\/ul>\n<p>[\/vc_column_text][vc_column_text]<\/p>\n<h2>Nuestras delegaciones en Francia<\/h2>\n<p>Polypoles tiene 7 delegaciones en toda Francia, as\u00ed que puedes llamar a la m\u00e1s cercana. Gracias a nuestra presencia nacional, podemos responder en un plazo de 24 a 48 horas.<\/p>\n<ul>\n<li><a href=\"https:\/\/www.polypoles.com\/es\/alquiler-de-calefaccion-paris\/\">Alquiler de calefacci\u00f3n Par\u00eds<\/a><\/li>\n<li><a href=\"https:\/\/www.polypoles.com\/es\/alquiler-de-calefaccion-en-lille\/\">Alquiler de calefacci\u00f3n en Lille<\/a><\/li>\n<li><a href=\"https:\/\/www.polypoles.com\/es\/alquiler-de-calefaccion-lyon\/\">Alquiler de calefacci\u00f3n Lyon<\/a><\/li>\n<li><a href=\"https:\/\/www.polypoles.com\/es\/calefaccion-de-alquiler-nancy\/\">Calefacci\u00f3n de alquiler Nancy<\/a><\/li>\n<li><a href=\"https:\/\/www.polypoles.com\/es\/alquiler-de-calefaccion-nantes\/\">Alquiler de calefacci\u00f3n Nantes<\/a><\/li>\n<li><a href=\"https:\/\/www.polypoles.com\/es\/alquiler-de-calefaccion-toulouse\/\">Alquiler de calefacci\u00f3n Toulouse<\/a><\/li>\n<li><a href=\"https:\/\/www.polypoles.com\/es\/alquiler-de-calefaccion-burdeos\/\">Alquiler de calefacci\u00f3n Burdeos<\/a><\/li>\n<\/ul>\n<p>[\/vc_column_text][\/vc_column][\/vc_row][vc_row][vc_column][vc_separator][vc_column_text]<\/p>\n<h2>\u00bfQuieres contratar un calefactor?<\/h2>\n<p>Ponte en contacto con nosotros por tel\u00e9fono o rellena el siguiente formulario.<br \/>\nPresupuesto inmediato y gratuito.[\/vc_column_text][\/vc_column][\/vc_row][vc_row][vc_column width=\u00bb1\/4&#8243;][vc_btn title=\u00bb0810 020 851&#8243; color=\u00bbjuicy-pink\u00bb size=\u00bblg\u00bb i_icon_fontawesome=\u00bbfa fa-phone\u00bb add_icon=\u00bbtrue\u00bb link=\u00bburl:tel%3A%2B33810020851|target:%20_blank|\u00bb el_class=\u00bbappel\u00bb][\/vc_column][vc_column width=\u00bb3\/4&#8243;]\n<div class=\"wpcf7 no-js\" id=\"wpcf7-f24311-o1\" lang=\"es-ES\" dir=\"ltr\" data-wpcf7-id=\"24311\">\n<div class=\"screen-reader-response\"><p role=\"status\" aria-live=\"polite\" aria-atomic=\"true\"><\/p> <ul><\/ul><\/div>\n<form action=\"\/es\/wp-json\/wp\/v2\/pages\/25132#wpcf7-f24311-o1\" method=\"post\" class=\"wpcf7-form init\" aria-label=\"Formulario de contacto\" novalidate=\"novalidate\" data-status=\"init\">\n<div style=\"display: none;\">\n<input type=\"hidden\" name=\"_wpcf7\" value=\"24311\" \/>\n<input type=\"hidden\" name=\"_wpcf7_version\" value=\"6.0.6\" \/>\n<input type=\"hidden\" name=\"_wpcf7_locale\" value=\"es_ES\" \/>\n<input type=\"hidden\" name=\"_wpcf7_unit_tag\" value=\"wpcf7-f24311-o1\" \/>\n<input type=\"hidden\" name=\"_wpcf7_container_post\" value=\"0\" \/>\n<input type=\"hidden\" name=\"_wpcf7_posted_data_hash\" value=\"\" \/>\n<input type=\"hidden\" name=\"_wpcf7_recaptcha_response\" value=\"\" \/>\n<\/div>\n<p><i>Todos los campos son obligatorios.<\/i>\n<\/p>\n<div class=\"row\">\n\t<div class=\"col-sm-5\">\n\t\t<p><label> Tu nombre<br \/>\n<span class=\"wpcf7-form-control-wrap\" data-name=\"Votrenom\"><input size=\"40\" maxlength=\"400\" class=\"wpcf7-form-control wpcf7-text wpcf7-validates-as-required\" aria-required=\"true\" aria-invalid=\"false\" value=\"\" type=\"text\" name=\"Votrenom\" \/><\/span><\/label>\n\t\t<\/p>\n\t<\/div>\n\t<div class=\"col-sm-5\">\n\t\t<p><label> Tu empresa<br \/>\n<span class=\"wpcf7-form-control-wrap\" data-name=\"societe\"><input size=\"40\" maxlength=\"400\" class=\"wpcf7-form-control wpcf7-text wpcf7-validates-as-required\" aria-required=\"true\" aria-invalid=\"false\" value=\"\" type=\"text\" name=\"societe\" \/><\/span> <\/label>\n\t\t<\/p>\n\t<\/div>\n\t<div class=\"col-sm-5\">\n\t\t<p><label> Tu e-mail<br \/>\n<span class=\"wpcf7-form-control-wrap\" data-name=\"your-email\"><input size=\"40\" maxlength=\"400\" class=\"wpcf7-form-control wpcf7-email wpcf7-validates-as-required wpcf7-text wpcf7-validates-as-email\" aria-required=\"true\" aria-invalid=\"false\" value=\"\" type=\"email\" name=\"your-email\" \/><\/span> <\/label>\n\t\t<\/p>\n\t<\/div>\n\t<div class=\"col-sm-5\">\n\t\t<p><label> Tu n\u00famero de tel\u00e9fono<br \/>\n<span class=\"wpcf7-form-control-wrap\" data-name=\"phone\"><input size=\"40\" maxlength=\"400\" class=\"wpcf7-form-control wpcf7-tel wpcf7-validates-as-required wpcf7-text wpcf7-validates-as-tel\" aria-required=\"true\" aria-invalid=\"false\" value=\"\" type=\"tel\" name=\"phone\" \/><\/span> <\/label>\n\t\t<\/p>\n\t<\/div>\n\t<div class=\"col-sm-5\">\n\t\t<p><label><br \/>\n<span class=\"wpcf7-form-control-wrap\" data-name=\"typologie\"><select class=\"wpcf7-form-control wpcf7-select wpcf7-validates-as-required\" aria-required=\"true\" aria-invalid=\"false\" name=\"typologie\"><option value=\"Tu solicitud se refiere al alquiler o a la venta\">Tu solicitud se refiere al alquiler o a la venta<\/option><\/select><\/span> <\/label>\n\t\t<\/p>\n\t<\/div>\n\t<div class=\"col-sm-5\">\n\t\t<p><label> Tu c\u00f3digo postal<br \/>\n<span class=\"wpcf7-form-control-wrap\" data-name=\"departement\"><input size=\"40\" maxlength=\"400\" class=\"wpcf7-form-control wpcf7-text wpcf7-validates-as-required\" aria-required=\"true\" aria-invalid=\"false\" value=\"\" type=\"text\" name=\"departement\" \/><\/span><\/label>\n\t\t<\/p>\n\t<\/div>\n\t<div class=\"col-sm-12\">\n\t\t<p><label> Tu mensaje<br \/>\n<span class=\"wpcf7-form-control-wrap\" data-name=\"your-message\"><textarea cols=\"40\" rows=\"10\" maxlength=\"2000\" class=\"wpcf7-form-control wpcf7-textarea wpcf7-validates-as-required\" aria-required=\"true\" aria-invalid=\"false\" name=\"your-message\"><\/textarea><\/span> <\/label>\n\t\t<\/p>\n\t<\/div>\n\t<p><span class=\"wpcf7-form-control-wrap\" data-name=\"RGPD\"><span class=\"wpcf7-form-control wpcf7-checkbox wpcf7-validates-as-required\"><span class=\"wpcf7-list-item first last\"><label><input type=\"checkbox\" name=\"RGPD[]\" value=\"Acepto que los datos introducidos en este formulario sean utilizados por Polypoles para tramitar mi solicitud.\" \/><span class=\"wpcf7-list-item-label\">Acepto que los datos introducidos en este formulario sean utilizados por Polypoles para tramitar mi solicitud.<\/span><\/label><\/span><\/span><\/span>\n\t<\/p>\n\t<div class=\"form-button col-sm-12\">\n\t\t<div class=\"form-button col-sm-12\">\n\t\t\t<p class=\"submit-btn\"><input class=\"wpcf7-form-control wpcf7-submit has-spinner\" type=\"submit\" value=\"Confirma\" \/><i class=\"fa flaticon-right-arrow\"><\/i>\n\t\t\t<\/p>\n\t\t<\/div>\n\t<\/div>\n<\/div><input type='hidden' class='wpcf7-pum' value='{\"closepopup\":false,\"closedelay\":0,\"openpopup\":false,\"openpopup_id\":0}' \/><div class=\"wpcf7-response-output\" aria-hidden=\"true\"><\/div>\n<\/form>\n<\/div>\n[\/vc_column][\/vc_row][vc_row][vc_column][vc_empty_space height=\u00bb50px\u00bb][vc_column_text]<\/p>\n<h2>Cat\u00e1logo de calefacci\u00f3n<\/h2>\n<p>[\/vc_column_text][dhvc_woo_product_page_product_categories columns=\u00bb5&#8243; orderby=\u00bb\u00bb order=\u00bb\u00bb hide_empty=\u00bb1&#8243; el_class=\u00bb\u00bb ids=\u00bb94,95,49,99,46,114,48,117,98,90,116,97&#8243; number=\u00bb\u00bb parent=\u00bb\u00bb][vc_single_image image=\u00bb10026&#8243; img_size=\u00bbfull\u00bb alignment=\u00bbcenter\u00bb][\/vc_column][\/vc_row]<\/p>\n<\/div>","protected":false},"excerpt":{"rendered":"<p>[vc_row][vc_column][vc_column_text] Alquiler de calefacci\u00f3n [\/vc_column_text][\/vc_column][\/vc_row][vc_row][vc_column][vc_row_inner][vc_column_inner width=\u00bb2\/3&#8243;][vc_column_text] Alquiler de calefacci\u00f3n de 2 kW a 1000 kW [\/vc_column_text][vc_column_text]\u00a1La reputaci\u00f3n de POLYPOLES est\u00e1 bien consolidada! Desde el alquiler de equipos de calefacci\u00f3n hasta la puesta en marcha, ponemos en marcha la soluci\u00f3n m\u00e1s adecuada para tu problema temporal o permanente. Nuestras d\u00e9cadas de experiencia, desde los estudios personalizados&#8230;<\/p>\n","protected":false},"author":1,"featured_media":0,"parent":0,"menu_order":0,"comment_status":"closed","ping_status":"closed","template":"","meta":{"_acf_changed":false,"footnotes":""},"tags":[],"class_list":["post-25132","page","type-page","status-publish","hentry"],"acf":[],"yoast_head":"<!-- This site is optimized with the Yoast SEO plugin v24.9 - https:\/\/yoast.com\/wordpress\/plugins\/seo\/ -->\n<title>Alquiler de calefacci\u00f3n - Industrial, M\u00f3vil, Carpas | Polypoles<\/title>\n<meta name=\"description\" content=\"Alquiler de calefacci\u00f3n - Combustible, gama el\u00e9ctrica y de gas de 3,5 kW a 2 000 kW. Entrega expr\u00e9s en toda Francia. Instalaci\u00f3n\/Servicio 24h\/24.\" \/>\n<meta name=\"robots\" content=\"index, follow, max-snippet:-1, max-image-preview:large, max-video-preview:-1\" \/>\n<link rel=\"canonical\" href=\"https:\/\/www.polypoles.com\/es\/alquiler-de-calefaccion-2\/\" \/>\n<meta property=\"og:locale\" content=\"es_ES\" \/>\n<meta property=\"og:type\" content=\"article\" \/>\n<meta property=\"og:title\" content=\"Alquiler de calefacci\u00f3n - Industrial, M\u00f3vil, Carpas | Polypoles\" \/>\n<meta property=\"og:description\" content=\"Alquiler de calefacci\u00f3n - Combustible, gama el\u00e9ctrica y de gas de 3,5 kW a 2 000 kW. Entrega expr\u00e9s en toda Francia. Instalaci\u00f3n\/Servicio 24h\/24.\" \/>\n<meta property=\"og:url\" content=\"https:\/\/www.polypoles.com\/es\/alquiler-de-calefaccion-2\/\" \/>\n<meta property=\"og:site_name\" content=\"Polypoles\" \/>\n<meta property=\"article:modified_time\" content=\"2024-11-20T13:23:16+00:00\" \/>\n<meta name=\"twitter:card\" content=\"summary_large_image\" \/>\n<meta name=\"twitter:label1\" content=\"Tiempo de lectura\" \/>\n\t<meta name=\"twitter:data1\" content=\"4 minutos\" \/>\n<script type=\"application\/ld+json\" class=\"yoast-schema-graph\">{\"@context\":\"https:\/\/schema.org\",\"@graph\":[{\"@type\":\"WebPage\",\"@id\":\"https:\/\/www.polypoles.com\/es\/alquiler-de-calefaccion-2\/\",\"url\":\"https:\/\/www.polypoles.com\/es\/alquiler-de-calefaccion-2\/\",\"name\":\"Alquiler de calefacci\u00f3n - Industrial, M\u00f3vil, Carpas | Polypoles\",\"isPartOf\":{\"@id\":\"https:\/\/www.polypoles.com\/es\/#website\"},\"datePublished\":\"2020-10-02T14:26:20+00:00\",\"dateModified\":\"2024-11-20T13:23:16+00:00\",\"description\":\"Alquiler de calefacci\u00f3n - Combustible, gama el\u00e9ctrica y de gas de 3,5 kW a 2 000 kW. Entrega expr\u00e9s en toda Francia. Instalaci\u00f3n\/Servicio 24h\/24.\",\"breadcrumb\":{\"@id\":\"https:\/\/www.polypoles.com\/es\/alquiler-de-calefaccion-2\/#breadcrumb\"},\"inLanguage\":\"es\",\"potentialAction\":[{\"@type\":\"ReadAction\",\"target\":[\"https:\/\/www.polypoles.com\/es\/alquiler-de-calefaccion-2\/\"]}]},{\"@type\":\"BreadcrumbList\",\"@id\":\"https:\/\/www.polypoles.com\/es\/alquiler-de-calefaccion-2\/#breadcrumb\",\"itemListElement\":[{\"@type\":\"ListItem\",\"position\":1,\"name\":\"Home\",\"item\":\"https:\/\/www.polypoles.com\/es\/\"},{\"@type\":\"ListItem\",\"position\":2,\"name\":\"Alquiler de calefacci\u00f3n\"}]},{\"@type\":\"WebSite\",\"@id\":\"https:\/\/www.polypoles.com\/es\/#website\",\"url\":\"https:\/\/www.polypoles.com\/es\/\",\"name\":\"Polypoles\",\"description\":\"Votre partenaire chaud-froid\",\"publisher\":{\"@id\":\"https:\/\/www.polypoles.com\/es\/#organization\"},\"potentialAction\":[{\"@type\":\"SearchAction\",\"target\":{\"@type\":\"EntryPoint\",\"urlTemplate\":\"https:\/\/www.polypoles.com\/es\/?s={search_term_string}\"},\"query-input\":{\"@type\":\"PropertyValueSpecification\",\"valueRequired\":true,\"valueName\":\"search_term_string\"}}],\"inLanguage\":\"es\"},{\"@type\":\"Organization\",\"@id\":\"https:\/\/www.polypoles.com\/es\/#organization\",\"name\":\"Polypoles\",\"url\":\"https:\/\/www.polypoles.com\/es\/\",\"logo\":{\"@type\":\"ImageObject\",\"inLanguage\":\"es\",\"@id\":\"https:\/\/www.polypoles.com\/es\/#\/schema\/logo\/image\/\",\"url\":\"https:\/\/www.polypoles.com\/wp-content\/uploads\/2024\/06\/base-25-cm-300-DPI-scaled.jpg\",\"contentUrl\":\"https:\/\/www.polypoles.com\/wp-content\/uploads\/2024\/06\/base-25-cm-300-DPI-scaled.jpg\",\"width\":2560,\"height\":497,\"caption\":\"Polypoles\"},\"image\":{\"@id\":\"https:\/\/www.polypoles.com\/es\/#\/schema\/logo\/image\/\"}}]}<\/script>\n<!-- \/ Yoast SEO plugin. -->","yoast_head_json":{"title":"Alquiler de calefacci\u00f3n - Industrial, M\u00f3vil, Carpas | Polypoles","description":"Alquiler de calefacci\u00f3n - Combustible, gama el\u00e9ctrica y de gas de 3,5 kW a 2 000 kW. Entrega expr\u00e9s en toda Francia. Instalaci\u00f3n\/Servicio 24h\/24.","robots":{"index":"index","follow":"follow","max-snippet":"max-snippet:-1","max-image-preview":"max-image-preview:large","max-video-preview":"max-video-preview:-1"},"canonical":"https:\/\/www.polypoles.com\/es\/alquiler-de-calefaccion-2\/","og_locale":"es_ES","og_type":"article","og_title":"Alquiler de calefacci\u00f3n - Industrial, M\u00f3vil, Carpas | Polypoles","og_description":"Alquiler de calefacci\u00f3n - Combustible, gama el\u00e9ctrica y de gas de 3,5 kW a 2 000 kW. Entrega expr\u00e9s en toda Francia. Instalaci\u00f3n\/Servicio 24h\/24.","og_url":"https:\/\/www.polypoles.com\/es\/alquiler-de-calefaccion-2\/","og_site_name":"Polypoles","article_modified_time":"2024-11-20T13:23:16+00:00","twitter_card":"summary_large_image","twitter_misc":{"Tiempo de lectura":"4 minutos"},"schema":{"@context":"https:\/\/schema.org","@graph":[{"@type":"WebPage","@id":"https:\/\/www.polypoles.com\/es\/alquiler-de-calefaccion-2\/","url":"https:\/\/www.polypoles.com\/es\/alquiler-de-calefaccion-2\/","name":"Alquiler de calefacci\u00f3n - Industrial, M\u00f3vil, Carpas | Polypoles","isPartOf":{"@id":"https:\/\/www.polypoles.com\/es\/#website"},"datePublished":"2020-10-02T14:26:20+00:00","dateModified":"2024-11-20T13:23:16+00:00","description":"Alquiler de calefacci\u00f3n - Combustible, gama el\u00e9ctrica y de gas de 3,5 kW a 2 000 kW. Entrega expr\u00e9s en toda Francia. Instalaci\u00f3n\/Servicio 24h\/24.","breadcrumb":{"@id":"https:\/\/www.polypoles.com\/es\/alquiler-de-calefaccion-2\/#breadcrumb"},"inLanguage":"es","potentialAction":[{"@type":"ReadAction","target":["https:\/\/www.polypoles.com\/es\/alquiler-de-calefaccion-2\/"]}]},{"@type":"BreadcrumbList","@id":"https:\/\/www.polypoles.com\/es\/alquiler-de-calefaccion-2\/#breadcrumb","itemListElement":[{"@type":"ListItem","position":1,"name":"Home","item":"https:\/\/www.polypoles.com\/es\/"},{"@type":"ListItem","position":2,"name":"Alquiler de calefacci\u00f3n"}]},{"@type":"WebSite","@id":"https:\/\/www.polypoles.com\/es\/#website","url":"https:\/\/www.polypoles.com\/es\/","name":"Polypoles","description":"Votre partenaire chaud-froid","publisher":{"@id":"https:\/\/www.polypoles.com\/es\/#organization"},"potentialAction":[{"@type":"SearchAction","target":{"@type":"EntryPoint","urlTemplate":"https:\/\/www.polypoles.com\/es\/?s={search_term_string}"},"query-input":{"@type":"PropertyValueSpecification","valueRequired":true,"valueName":"search_term_string"}}],"inLanguage":"es"},{"@type":"Organization","@id":"https:\/\/www.polypoles.com\/es\/#organization","name":"Polypoles","url":"https:\/\/www.polypoles.com\/es\/","logo":{"@type":"ImageObject","inLanguage":"es","@id":"https:\/\/www.polypoles.com\/es\/#\/schema\/logo\/image\/","url":"https:\/\/www.polypoles.com\/wp-content\/uploads\/2024\/06\/base-25-cm-300-DPI-scaled.jpg","contentUrl":"https:\/\/www.polypoles.com\/wp-content\/uploads\/2024\/06\/base-25-cm-300-DPI-scaled.jpg","width":2560,"height":497,"caption":"Polypoles"},"image":{"@id":"https:\/\/www.polypoles.com\/es\/#\/schema\/logo\/image\/"}}]}},"_links":{"self":[{"href":"https:\/\/www.polypoles.com\/es\/wp-json\/wp\/v2\/pages\/25132","targetHints":{"allow":["GET"]}}],"collection":[{"href":"https:\/\/www.polypoles.com\/es\/wp-json\/wp\/v2\/pages"}],"about":[{"href":"https:\/\/www.polypoles.com\/es\/wp-json\/wp\/v2\/types\/page"}],"author":[{"embeddable":true,"href":"https:\/\/www.polypoles.com\/es\/wp-json\/wp\/v2\/users\/1"}],"replies":[{"embeddable":true,"href":"https:\/\/www.polypoles.com\/es\/wp-json\/wp\/v2\/comments?post=25132"}],"version-history":[{"count":7,"href":"https:\/\/www.polypoles.com\/es\/wp-json\/wp\/v2\/pages\/25132\/revisions"}],"predecessor-version":[{"id":26333,"href":"https:\/\/www.polypoles.com\/es\/wp-json\/wp\/v2\/pages\/25132\/revisions\/26333"}],"wp:attachment":[{"href":"https:\/\/www.polypoles.com\/es\/wp-json\/wp\/v2\/media?parent=25132"}],"wp:term":[{"taxonomy":"post_tag","embeddable":true,"href":"https:\/\/www.polypoles.com\/es\/wp-json\/wp\/v2\/tags?post=25132"}],"curies":[{"name":"wp","href":"https:\/\/api.w.org\/{rel}","templated":true}]}}