{"id":24796,"date":"2021-09-20T13:58:57","date_gmt":"2021-09-20T11:58:57","guid":{"rendered":"https:\/\/www.polypoles.com\/alquiler-de-aparatos-de-aire-acondicionado-para-oficinas\/"},"modified":"2025-03-12T12:01:50","modified_gmt":"2025-03-12T11:01:50","slug":"alquiler-de-aparatos-de-aire-acondicionado-para-oficinas","status":"publish","type":"page","link":"https:\/\/www.polypoles.com\/es\/alquiler-de-aparatos-de-aire-acondicionado-para-oficinas\/","title":{"rendered":"Alquiler de aparatos de aire acondicionado para oficinas"},"content":{"rendered":"<div class=\"wpb-content-wrapper\"><p>[vc_row][vc_column][vc_column_text]<\/p>\n<h1 style=\"text-align: center;\">Alquiler de aparatos de aire acondicionado para oficinas<\/h1>\n<p>[\/vc_column_text][\/vc_column][\/vc_row][vc_row][vc_column width=\u00bb2\/3&#8243;][vc_column_text css=\u00bb\u00bb]<\/p>\n<h2>Climatizaci\u00f3n de oficinas: trabaja en mejores condiciones<\/h2>\n<p>Contratar un aire acondicionado para tu oficina es una soluci\u00f3n para trabajar en mejores condiciones y aumentar tu productividad al tiempo que mejoras tu confort.<br \/>\nPolypoles ofrece una gama de climatizadores m\u00f3viles para climatizar tus oficinas.<br \/>\nAlgunos de nuestros productos tambi\u00e9n pueden ser <strong>reversibles<\/strong>, como la gama VIVAX, por ejemplo, para que puedas <strong>climatizar o calentar tu espacio de trabajo <\/strong>seg\u00fan la estaci\u00f3n.  <\/p>\n<ul>\n<li>\n<p class=\"woocommerce-loop-product__title\"><a href=\"https:\/\/www.polypoles.com\/es\/produit\/climatizador-movil-reversible-vivax\/\">Climatizador m\u00f3vil reversible Vivax<\/a><\/p>\n<\/li>\n<li>\n<p class=\"woocommerce-loop-product__title\"><a href=\"https:\/\/www.polypoles.com\/es\/produit\/climatizador-movil-vivax-35-kw\/\">Climatizador m\u00f3vil Vivax 3,5 kW<\/a><\/p>\n<\/li>\n<li><a href=\"https:\/\/www.polypoles.com\/es\/produit\/climatizador-split-movil-sid-43-43-kw\/\">Climatizador split m\u00f3vil SID 4,3 (4,3 kW)<\/a><\/li>\n<\/ul>\n<p>Los climatizadores VIVAX son <strong>productos fiables<\/strong> que funcionan bien y son f\u00e1ciles de instalar, manejar y mantener. Estos aparatos de aire acondicionado son m\u00f3viles, por lo que son f\u00e1ciles de <strong>desplazar por<\/strong> tus oficinas y salas de reuniones.<\/p>\n<p>Te garantizamos precios muy competitivos y una gama actualizada de climatizadores de \u00faltima generaci\u00f3n.<\/p>\n<h2>Acondicionadores de aire para el lugar de trabajo<\/h2>\n<p>Nuestros aires acondicionados de oficina de alquiler se <strong>prueban<\/strong> sistem\u00e1ticamente antes de ser entregados e instalados in situ. Nuestra experiencia y fiabilidad son la columna vertebral de Polypoles. El alquiler de aire acondicionado para tu oficina tambi\u00e9n puede incluir la instalaci\u00f3n de unidades espec\u00edficas para salas de reuniones, garantizando un confort \u00f3ptimo para todos los participantes.<\/p>\n<p>El equipo de alquiler es <strong>fiable y robusto<\/strong>, y se renueva a lo largo de los a\u00f1os. Nos esforzamos por ofrecerte productos de calidad que satisfagan tus expectativas. <\/p>\n<h2>\u00bfPara qu\u00e9 sirven los aparatos de aire acondicionado de oficina?<\/h2>\n<p>Nuestros climatizadores m\u00f3viles de oficina son ideales para<strong> salas de espera, salas de reuniones, oficinas temporales y oficinas di\u00e1fanas<\/strong>.<br \/>\nNuestros aparatos de aire acondicionado est\u00e1n listos para funcionar solos, son <strong>f\u00e1ciles de instalar y utilizar<\/strong>, y no requieren mano de obra especial. <\/p>\n<h2>Respuesta r\u00e1pida<\/h2>\n<p>Polypoles es el especialista en fr\u00edo de emergencia. Si tienes una aver\u00eda, podemos ayudarte.  <strong>entre 24 y 48 horas.<\/strong>[\/vc_column_text][vc_row_inner][vc_column_inner width=\u00bb1\/2&#8243;][vc_btn title=\u00bb0 810 020 851&#8243; color=\u00bbjuicy-pink\u00bb size=\u00bblg\u00bb align=\u00bbcenter\u00bb i_icon_fontawesome=\u00bbfa fa-phone\u00bb add_icon=\u00bbtrue\u00bb link=\u00bburl:tel%3A%2B33810020851|title:Llama%20a%20Polypoles|rel:nofollow|\u00bb el_class=\u00bbappel\u00bb][\/vc_column_inner][vc_column_inner width=\u00bb1\/2&#8243;][vc_btn title=\u00bbCita\u00bb color=\u00bbprimary\u00bb size=\u00bblg\u00bb i_icon_fontawesome=\u00bbfa fa-envelope-o\u00bb add_icon=\u00bbtrue\u00bb link=\u00bburl:https%3A%2F%2Fwww.polypoles.com%2Fes%2Fponte-en-contacto-con%2F|title:Ponte%20en%20contacto%20con%20nosotros|\u00bb el_class=\u00bbdevis\u00bb][\/vc_column_inner][\/vc_row_inner][\/vc_column][vc_column width=\u00bb1\/3&#8243;][vc_gallery type=\u00bbimage_grid\u00bb images=\u00bb13027&#8243; img_size=\u00bb350&#215;350&#8243; css=\u00bb\u00bb][vc_gallery type=\u00bbimage_grid\u00bb images=\u00bb28058&#8243; img_size=\u00bb350&#215;350&#8243; css=\u00bb\u00bb][vc_gallery type=\u00bbimage_grid\u00bb images=\u00bb13026&#8243; img_size=\u00bb350&#215;350&#8243; css=\u00bb\u00bb][\/vc_column][\/vc_row][vc_row][vc_column][vc_column_text]<\/p>\n<h2 style=\"text-align: left;\">\u00bfCu\u00e1nta potencia de aire acondicionado m\u00f3vil necesito para mi oficina?<\/h2>\n<p style=\"text-align: left;\">Debes tener en cuenta la <strong>superficie<\/strong>, el <strong>n\u00famero de ocupantes<\/strong>, los <strong>aparatos el\u00e9ctricos<\/strong> y las <strong>fuentes de calor<\/strong> de la habitaci\u00f3n, como ventanas y miradores.<br \/>\nPodemos ofrecerte una gama de potencias que se adapte a tus necesidades.<br \/>\nSi tienes una oficina o espacio de trabajo de <strong>entre 20 y 50 m\u00b2<\/strong>, un climatizador m\u00f3vil <strong>VIVAX<\/strong> es la elecci\u00f3n adecuada.<br \/>\nSin embargo, el aire caliente debe evacuarse a trav\u00e9s de una ventana o fuera de la habitaci\u00f3n.   <\/p>\n<p style=\"text-align: left;\">Si necesitas un aparato m\u00e1s potente para uso industrial, grandes vol\u00famenes, tiendas, salas de exposici\u00f3n u otras aplicaciones, nuestra oficina de dise\u00f1o puede proporcionarte un presupuesto gratuito e inmediato tras discutir contigo tus necesidades.<\/p>\n<h2 style=\"text-align: left;\">\u00bfC\u00f3mo funciona un climatizador m\u00f3vil?<\/h2>\n<p style=\"text-align: left;\">S\u00f3lo tienes que <strong>conectar el producto<\/strong> a una <strong>fuente de alimentaci\u00f3n<\/strong>, seleccionar el <strong>programa<\/strong>, disponer la <strong>salida del aire caliente<\/strong> (a trav\u00e9s de una ventana o fuera de la habitaci\u00f3n) y ya est\u00e1.<br \/>\nR\u00e1pido y f\u00e1cil de usar, para que puedas trabajar en mejores condiciones. <\/p>\n<h2 style=\"text-align: left;\">\u00bfEs necesario conectar los aparatos de aire acondicionado m\u00f3viles a un suministro de agua?<\/h2>\n<p style=\"text-align: left;\">A diferencia de <a href=\"https:\/\/www.polypoles.com\/es\/noticias\/nuestro-asesoramiento-experto\/enfriador-o-acondicionador-de-aire\/\">los ambientadores<\/a>, los climatizadores no necesitan suministro de agua.<\/p>\n<h2 style=\"text-align: left;\">\u00bfSon realmente eficientes los climatizadores m\u00f3viles?<\/h2>\n<p style=\"text-align: left;\">Los climatizadores de oficina m\u00f3viles son ideales para salas peque\u00f1as y medianas.<br \/>\nPolypoles puede proporcionarte productos de calidad y f\u00e1ciles de usar a precios de alquiler muy competitivos.<br \/>\nEficaz para todo tipo de estructuras y vol\u00famenes.<br \/>\nPresupuesto de alquiler gratuito e inmediato.   <\/p>\n<p>[\/vc_column_text][\/vc_column][\/vc_row][vc_row][vc_column][vc_column_text]<\/p>\n<h2>  Miles de instalaciones temporales de climatizadores m\u00f3viles<\/h2>\n<p>Tenemos amplia experiencia en una gran variedad de sectores y configuraciones. Muy a menudo encontramos la mejor soluci\u00f3n con la tecnolog\u00eda adecuada para satisfacer tus necesidades.<\/p>\n<p>Si quieres climatizar edificios, almacenes, talleres, garajes, locales p\u00fablicos, ERP, servicios de aver\u00edas para instaladores, etc., no dudes en presentarnos tu proyecto y nos pondremos en contacto contigo lo antes posible.<\/p>\n<h2>Alquiler de aire acondicionado m\u00f3vil: no olvides el paquete de verano<\/h2>\n<p>Polypoles ofrece un paquete de verano de alquiler de aire acondicionado. Esto te proteger\u00e1 durante todo el verano de las variaciones de temperatura. As\u00ed no tienes que preocuparte por el almacenamiento ni el mantenimiento. Tambi\u00e9n te da la oportunidad de probar el aparato antes de comprarlo. Polypoles ofrece precios muy competitivos en el mercado franc\u00e9s.[\/vc_column_text][vc_empty_space height=\u00bb20px\u00bb][vc_empty_space height=\u00bb20px\u00bb][\/vc_column][\/vc_row][vc_row][vc_column][vc_column_text]<\/p>\n<h2>Cat\u00e1logo de alquiler de climatizadores m\u00f3viles<\/h2>\n<p>[\/vc_column_text][dhvc_woo_product_page_product_categories columns=\u00bb5&#8243; orderby=\u00bb\u00bb order=\u00bb\u00bb hide_empty=\u00bb1&#8243; el_class=\u00bb\u00bb ids=\u00bb28&#8243; number=\u00bb\u00bb parent=\u00bb\u00bb][\/vc_column][\/vc_row][vc_row][vc_column][vc_separator][vc_column_text]<\/p>\n<h2>\u00bfQuieres alquilar un climatizador m\u00f3vil?<\/h2>\n<p>Ponte en contacto con nosotros por tel\u00e9fono o rellena el siguiente formulario.[\/vc_column_text][\/vc_column][\/vc_row][vc_row][vc_column width=\u00bb1\/6&#8243;][vc_single_image image=\u00bb27027&#8243; style=\u00bbvc_box_border_circle_2&#8243; css=\u00bb\u00bb][\/vc_column][vc_column width=\u00bb5\/6&#8243;][vc_column_text css=\u00bb\u00bb]<span class=\"TextRun SCXW52318390 BCX8\" lang=\"FR-FR\" data-contrast=\"auto\"><span class=\"NormalTextRun SCXW52318390 BCX8\">Para tus proyectos de climatizaci\u00f3n de oficinas, tus necesidades de emergencia o tus requisitos espec\u00edficos, <\/span><\/span><span class=\"TextRun SCXW52318390 BCX8\" lang=\"FR-FR\" data-contrast=\"auto\"><span class=\"NormalTextRun SCXW52318390 BCX8\">Polypoles es tu socio de confianza<\/span><\/span><span class=\"TextRun SCXW52318390 BCX8\" lang=\"FR-FR\" data-contrast=\"auto\"><span class=\"NormalTextRun SCXW52318390 BCX8\">. <\/span><\/span><span class=\"TextRun SCXW52318390 BCX8\" lang=\"FR-FR\" data-contrast=\"auto\"><span class=\"NormalTextRun SCXW52318390 BCX8\">Ponte en contacto con nosotros en<\/span><\/span><span class=\"TextRun SCXW52318390 BCX8\" lang=\"FR-FR\" data-contrast=\"auto\"><span class=\"NormalTextRun SCXW52318390 BCX8\"> hoy mismo para obtener m\u00e1s informaci\u00f3n sobre nuestras soluciones de alquiler de aire acondicionado para oficinas.<\/span><\/span>[\/vc_column_text][vc_btn title=\u00bb0810 020 851&#8243; color=\u00bbjuicy-pink\u00bb size=\u00bblg\u00bb i_icon_fontawesome=\u00bbfa fa-phone\u00bb add_icon=\u00bbtrue\u00bb link=\u00bburl:tel%3A%2B33810020851|target:%20_blank|\u00bb el_class=\u00bbappel\u00bb][\/vc_column][\/vc_row][vc_row][vc_column]\n<div class=\"wpcf7 no-js\" id=\"wpcf7-f24308-o1\" lang=\"es-ES\" dir=\"ltr\" data-wpcf7-id=\"24308\">\n<div class=\"screen-reader-response\"><p role=\"status\" aria-live=\"polite\" aria-atomic=\"true\"><\/p> <ul><\/ul><\/div>\n<form action=\"\/es\/wp-json\/wp\/v2\/pages\/24796#wpcf7-f24308-o1\" method=\"post\" class=\"wpcf7-form init\" aria-label=\"Formulario de contacto\" novalidate=\"novalidate\" data-status=\"init\">\n<div style=\"display: none;\">\n<input type=\"hidden\" name=\"_wpcf7\" value=\"24308\" \/>\n<input type=\"hidden\" name=\"_wpcf7_version\" value=\"6.0.6\" \/>\n<input type=\"hidden\" name=\"_wpcf7_locale\" value=\"es_ES\" \/>\n<input type=\"hidden\" name=\"_wpcf7_unit_tag\" value=\"wpcf7-f24308-o1\" \/>\n<input type=\"hidden\" name=\"_wpcf7_container_post\" value=\"0\" \/>\n<input type=\"hidden\" name=\"_wpcf7_posted_data_hash\" value=\"\" \/>\n<input type=\"hidden\" name=\"_wpcf7_recaptcha_response\" value=\"\" \/>\n<\/div>\n<p><i>Todos los campos son obligatorios.<\/i>\n<\/p>\n<div class=\"row\">\n\t<div class=\"col-sm-4\">\n\t\t<p><label> Tu nombre<br \/>\n<span class=\"wpcf7-form-control-wrap\" data-name=\"Votrenom\"><input size=\"40\" maxlength=\"400\" class=\"wpcf7-form-control wpcf7-text wpcf7-validates-as-required\" aria-required=\"true\" aria-invalid=\"false\" value=\"\" type=\"text\" name=\"Votrenom\" \/><\/span><\/label>\n\t\t<\/p>\n\t<\/div>\n\t<div class=\"col-sm-4\">\n\t\t<p><label> Tu empresa<br \/>\n<span class=\"wpcf7-form-control-wrap\" data-name=\"societe\"><input size=\"40\" maxlength=\"400\" class=\"wpcf7-form-control wpcf7-text wpcf7-validates-as-required\" aria-required=\"true\" aria-invalid=\"false\" value=\"\" type=\"text\" name=\"societe\" \/><\/span> <\/label>\n\t\t<\/p>\n\t<\/div>\n\t<div class=\"col-sm-4\">\n\t\t<p><label> Tu e-mail<br \/>\n<span class=\"wpcf7-form-control-wrap\" data-name=\"your-email\"><input size=\"40\" maxlength=\"400\" class=\"wpcf7-form-control wpcf7-email wpcf7-validates-as-required wpcf7-text wpcf7-validates-as-email\" aria-required=\"true\" aria-invalid=\"false\" value=\"\" type=\"email\" name=\"your-email\" \/><\/span> <\/label>\n\t\t<\/p>\n\t<\/div>\n\t<div class=\"col-sm-4\">\n\t\t<p><label> Tu n\u00famero de tel\u00e9fono<br \/>\n<span class=\"wpcf7-form-control-wrap\" data-name=\"phone\"><input size=\"40\" maxlength=\"400\" class=\"wpcf7-form-control wpcf7-tel wpcf7-validates-as-required wpcf7-text wpcf7-validates-as-tel\" aria-required=\"true\" aria-invalid=\"false\" value=\"\" type=\"tel\" name=\"phone\" \/><\/span> <\/label>\n\t\t<\/p>\n\t<\/div>\n\t<div class=\"col-sm-4\">\n\t\t<p><label><br \/>\n<span class=\"wpcf7-form-control-wrap\" data-name=\"typologie\"><select class=\"wpcf7-form-control wpcf7-select wpcf7-validates-as-required\" aria-required=\"true\" aria-invalid=\"false\" name=\"typologie\"><option value=\"Tu solicitud se refiere a la venta en alquiler de otros\">Tu solicitud se refiere a la venta en alquiler de otros<\/option><\/select><\/span> <\/label>\n\t\t<\/p>\n\t<\/div>\n\t<div class=\"col-sm-4\">\n\t\t<p><label> Tu departamento<br \/>\n<span class=\"wpcf7-form-control-wrap\" data-name=\"departement\"><input size=\"40\" maxlength=\"400\" class=\"wpcf7-form-control wpcf7-text wpcf7-validates-as-required\" aria-required=\"true\" aria-invalid=\"false\" value=\"\" type=\"text\" name=\"departement\" \/><\/span> <\/label>\n\t\t<\/p>\n\t<\/div>\n\t<div class=\"col-sm-12\">\n\t\t<p><label> Tu mensaje<br \/>\n<span class=\"wpcf7-form-control-wrap\" data-name=\"your-message\"><textarea cols=\"40\" rows=\"10\" maxlength=\"2000\" class=\"wpcf7-form-control wpcf7-textarea wpcf7-validates-as-required\" aria-required=\"true\" aria-invalid=\"false\" name=\"your-message\"><\/textarea><\/span> <\/label>\n\t\t<\/p>\n\t<\/div>\n\t<p><span class=\"wpcf7-form-control-wrap\" data-name=\"RGPD\"><span class=\"wpcf7-form-control wpcf7-checkbox wpcf7-validates-as-required\"><span class=\"wpcf7-list-item first last\"><label><input type=\"checkbox\" name=\"RGPD[]\" value=\"Acepto que los datos introducidos en este formulario sean utilizados por Polypoles para tramitar mi solicitud.\" \/><span class=\"wpcf7-list-item-label\">Acepto que los datos introducidos en este formulario sean utilizados por Polypoles para tramitar mi solicitud.<\/span><\/label><\/span><\/span><\/span>\n\t<\/p>\n\t<div class=\"form-button col-sm-12\">\n\t\t<div class=\"form-button col-sm-12\">\n\t\t\t<p class=\"submit-btn\"><input class=\"wpcf7-form-control wpcf7-submit has-spinner\" type=\"submit\" value=\"Confirma\" \/><i class=\"fa flaticon-right-arrow\"><\/i>\n\t\t\t<\/p>\n\t\t<\/div>\n\t<\/div>\n<\/div><input type='hidden' class='wpcf7-pum' value='{\"closepopup\":false,\"closedelay\":0,\"openpopup\":false,\"openpopup_id\":0}' \/><div class=\"wpcf7-response-output\" aria-hidden=\"true\"><\/div>\n<\/form>\n<\/div>\n[\/vc_column][\/vc_row]<\/p>\n<\/div>","protected":false},"excerpt":{"rendered":"<p>[vc_row][vc_column][vc_column_text] Alquiler de aparatos de aire acondicionado para oficinas [\/vc_column_text][\/vc_column][\/vc_row][vc_row][vc_column width=\u00bb2\/3&#8243;][vc_column_text css=\u00bb\u00bb] Climatizaci\u00f3n de oficinas: trabaja en mejores condiciones Contratar un aire acondicionado para tu oficina es una soluci\u00f3n para trabajar en mejores condiciones y aumentar tu productividad al tiempo que mejoras tu confort. Polypoles ofrece una gama de climatizadores m\u00f3viles para climatizar tus oficinas&#8230;.<\/p>\n","protected":false},"author":3,"featured_media":13026,"parent":0,"menu_order":0,"comment_status":"closed","ping_status":"closed","template":"","meta":{"_acf_changed":false,"footnotes":""},"tags":[],"class_list":["post-24796","page","type-page","status-publish","has-post-thumbnail","hentry"],"acf":[],"yoast_head":"<!-- This site is optimized with the Yoast SEO plugin v24.9 - https:\/\/yoast.com\/wordpress\/plugins\/seo\/ -->\n<title>Alquiler de aparatos de aire acondicionado para oficinas - Ubicaci\u00f3n clim | Polipastos<\/title>\n<meta name=\"description\" content=\"Alquila un climatizador m\u00f3vil para tu oficina : climatizador m\u00f3vil - Entrega expr\u00e9s - Instalaci\u00f3n y servicio 24\/24h | Presupuesto gratuito - \u00a1Cont\u00e1ctanos!\" \/>\n<meta name=\"robots\" content=\"index, follow, max-snippet:-1, max-image-preview:large, max-video-preview:-1\" \/>\n<link rel=\"canonical\" href=\"https:\/\/www.polypoles.com\/es\/alquiler-de-aparatos-de-aire-acondicionado-para-oficinas\/\" \/>\n<meta property=\"og:locale\" content=\"es_ES\" \/>\n<meta property=\"og:type\" content=\"article\" \/>\n<meta property=\"og:title\" content=\"Alquiler de aparatos de aire acondicionado para oficinas - Ubicaci\u00f3n clim | Polipastos\" \/>\n<meta property=\"og:description\" content=\"Alquila un climatizador m\u00f3vil para tu oficina : climatizador m\u00f3vil - Entrega expr\u00e9s - Instalaci\u00f3n y servicio 24\/24h | Presupuesto gratuito - \u00a1Cont\u00e1ctanos!\" \/>\n<meta property=\"og:url\" content=\"https:\/\/www.polypoles.com\/es\/alquiler-de-aparatos-de-aire-acondicionado-para-oficinas\/\" \/>\n<meta property=\"og:site_name\" content=\"Polypoles\" \/>\n<meta property=\"article:modified_time\" content=\"2025-03-12T11:01:50+00:00\" \/>\n<meta property=\"og:image\" content=\"https:\/\/www.polypoles.com\/wp-content\/uploads\/2021\/07\/Climatiseur-mobile-reversible-bureau-1.jpg\" \/>\n\t<meta property=\"og:image:width\" content=\"1080\" \/>\n\t<meta property=\"og:image:height\" content=\"1080\" \/>\n\t<meta property=\"og:image:type\" content=\"image\/jpeg\" \/>\n<meta name=\"twitter:card\" content=\"summary_large_image\" \/>\n<meta name=\"twitter:label1\" content=\"Tiempo de lectura\" \/>\n\t<meta name=\"twitter:data1\" content=\"6 minutos\" \/>\n<script type=\"application\/ld+json\" class=\"yoast-schema-graph\">{\"@context\":\"https:\/\/schema.org\",\"@graph\":[{\"@type\":\"WebPage\",\"@id\":\"https:\/\/www.polypoles.com\/es\/alquiler-de-aparatos-de-aire-acondicionado-para-oficinas\/\",\"url\":\"https:\/\/www.polypoles.com\/es\/alquiler-de-aparatos-de-aire-acondicionado-para-oficinas\/\",\"name\":\"Alquiler de aparatos de aire acondicionado para oficinas - Ubicaci\u00f3n clim | Polipastos\",\"isPartOf\":{\"@id\":\"https:\/\/www.polypoles.com\/es\/#website\"},\"primaryImageOfPage\":{\"@id\":\"https:\/\/www.polypoles.com\/es\/alquiler-de-aparatos-de-aire-acondicionado-para-oficinas\/#primaryimage\"},\"image\":{\"@id\":\"https:\/\/www.polypoles.com\/es\/alquiler-de-aparatos-de-aire-acondicionado-para-oficinas\/#primaryimage\"},\"thumbnailUrl\":\"https:\/\/www.polypoles.com\/wp-content\/uploads\/2021\/07\/Climatiseur-mobile-reversible-bureau-1.jpg\",\"datePublished\":\"2021-09-20T11:58:57+00:00\",\"dateModified\":\"2025-03-12T11:01:50+00:00\",\"description\":\"Alquila un climatizador m\u00f3vil para tu oficina : climatizador m\u00f3vil - Entrega expr\u00e9s - Instalaci\u00f3n y servicio 24\/24h | Presupuesto gratuito - \u00a1Cont\u00e1ctanos!\",\"breadcrumb\":{\"@id\":\"https:\/\/www.polypoles.com\/es\/alquiler-de-aparatos-de-aire-acondicionado-para-oficinas\/#breadcrumb\"},\"inLanguage\":\"es\",\"potentialAction\":[{\"@type\":\"ReadAction\",\"target\":[\"https:\/\/www.polypoles.com\/es\/alquiler-de-aparatos-de-aire-acondicionado-para-oficinas\/\"]}]},{\"@type\":\"ImageObject\",\"inLanguage\":\"es\",\"@id\":\"https:\/\/www.polypoles.com\/es\/alquiler-de-aparatos-de-aire-acondicionado-para-oficinas\/#primaryimage\",\"url\":\"https:\/\/www.polypoles.com\/wp-content\/uploads\/2021\/07\/Climatiseur-mobile-reversible-bureau-1.jpg\",\"contentUrl\":\"https:\/\/www.polypoles.com\/wp-content\/uploads\/2021\/07\/Climatiseur-mobile-reversible-bureau-1.jpg\",\"width\":1080,\"height\":1080},{\"@type\":\"BreadcrumbList\",\"@id\":\"https:\/\/www.polypoles.com\/es\/alquiler-de-aparatos-de-aire-acondicionado-para-oficinas\/#breadcrumb\",\"itemListElement\":[{\"@type\":\"ListItem\",\"position\":1,\"name\":\"Home\",\"item\":\"https:\/\/www.polypoles.com\/es\/\"},{\"@type\":\"ListItem\",\"position\":2,\"name\":\"Alquiler de aparatos de aire acondicionado para oficinas\"}]},{\"@type\":\"WebSite\",\"@id\":\"https:\/\/www.polypoles.com\/es\/#website\",\"url\":\"https:\/\/www.polypoles.com\/es\/\",\"name\":\"Polypoles\",\"description\":\"Votre partenaire chaud-froid\",\"publisher\":{\"@id\":\"https:\/\/www.polypoles.com\/es\/#organization\"},\"potentialAction\":[{\"@type\":\"SearchAction\",\"target\":{\"@type\":\"EntryPoint\",\"urlTemplate\":\"https:\/\/www.polypoles.com\/es\/?s={search_term_string}\"},\"query-input\":{\"@type\":\"PropertyValueSpecification\",\"valueRequired\":true,\"valueName\":\"search_term_string\"}}],\"inLanguage\":\"es\"},{\"@type\":\"Organization\",\"@id\":\"https:\/\/www.polypoles.com\/es\/#organization\",\"name\":\"Polypoles\",\"url\":\"https:\/\/www.polypoles.com\/es\/\",\"logo\":{\"@type\":\"ImageObject\",\"inLanguage\":\"es\",\"@id\":\"https:\/\/www.polypoles.com\/es\/#\/schema\/logo\/image\/\",\"url\":\"https:\/\/www.polypoles.com\/wp-content\/uploads\/2024\/06\/base-25-cm-300-DPI-scaled.jpg\",\"contentUrl\":\"https:\/\/www.polypoles.com\/wp-content\/uploads\/2024\/06\/base-25-cm-300-DPI-scaled.jpg\",\"width\":2560,\"height\":497,\"caption\":\"Polypoles\"},\"image\":{\"@id\":\"https:\/\/www.polypoles.com\/es\/#\/schema\/logo\/image\/\"}}]}<\/script>\n<!-- \/ Yoast SEO plugin. -->","yoast_head_json":{"title":"Alquiler de aparatos de aire acondicionado para oficinas - Ubicaci\u00f3n clim | Polipastos","description":"Alquila un climatizador m\u00f3vil para tu oficina : climatizador m\u00f3vil - Entrega expr\u00e9s - Instalaci\u00f3n y servicio 24\/24h | Presupuesto gratuito - \u00a1Cont\u00e1ctanos!","robots":{"index":"index","follow":"follow","max-snippet":"max-snippet:-1","max-image-preview":"max-image-preview:large","max-video-preview":"max-video-preview:-1"},"canonical":"https:\/\/www.polypoles.com\/es\/alquiler-de-aparatos-de-aire-acondicionado-para-oficinas\/","og_locale":"es_ES","og_type":"article","og_title":"Alquiler de aparatos de aire acondicionado para oficinas - Ubicaci\u00f3n clim | Polipastos","og_description":"Alquila un climatizador m\u00f3vil para tu oficina : climatizador m\u00f3vil - Entrega expr\u00e9s - Instalaci\u00f3n y servicio 24\/24h | Presupuesto gratuito - \u00a1Cont\u00e1ctanos!","og_url":"https:\/\/www.polypoles.com\/es\/alquiler-de-aparatos-de-aire-acondicionado-para-oficinas\/","og_site_name":"Polypoles","article_modified_time":"2025-03-12T11:01:50+00:00","og_image":[{"width":1080,"height":1080,"url":"https:\/\/www.polypoles.com\/wp-content\/uploads\/2021\/07\/Climatiseur-mobile-reversible-bureau-1.jpg","type":"image\/jpeg"}],"twitter_card":"summary_large_image","twitter_misc":{"Tiempo de lectura":"6 minutos"},"schema":{"@context":"https:\/\/schema.org","@graph":[{"@type":"WebPage","@id":"https:\/\/www.polypoles.com\/es\/alquiler-de-aparatos-de-aire-acondicionado-para-oficinas\/","url":"https:\/\/www.polypoles.com\/es\/alquiler-de-aparatos-de-aire-acondicionado-para-oficinas\/","name":"Alquiler de aparatos de aire acondicionado para oficinas - Ubicaci\u00f3n clim | Polipastos","isPartOf":{"@id":"https:\/\/www.polypoles.com\/es\/#website"},"primaryImageOfPage":{"@id":"https:\/\/www.polypoles.com\/es\/alquiler-de-aparatos-de-aire-acondicionado-para-oficinas\/#primaryimage"},"image":{"@id":"https:\/\/www.polypoles.com\/es\/alquiler-de-aparatos-de-aire-acondicionado-para-oficinas\/#primaryimage"},"thumbnailUrl":"https:\/\/www.polypoles.com\/wp-content\/uploads\/2021\/07\/Climatiseur-mobile-reversible-bureau-1.jpg","datePublished":"2021-09-20T11:58:57+00:00","dateModified":"2025-03-12T11:01:50+00:00","description":"Alquila un climatizador m\u00f3vil para tu oficina : climatizador m\u00f3vil - Entrega expr\u00e9s - Instalaci\u00f3n y servicio 24\/24h | Presupuesto gratuito - \u00a1Cont\u00e1ctanos!","breadcrumb":{"@id":"https:\/\/www.polypoles.com\/es\/alquiler-de-aparatos-de-aire-acondicionado-para-oficinas\/#breadcrumb"},"inLanguage":"es","potentialAction":[{"@type":"ReadAction","target":["https:\/\/www.polypoles.com\/es\/alquiler-de-aparatos-de-aire-acondicionado-para-oficinas\/"]}]},{"@type":"ImageObject","inLanguage":"es","@id":"https:\/\/www.polypoles.com\/es\/alquiler-de-aparatos-de-aire-acondicionado-para-oficinas\/#primaryimage","url":"https:\/\/www.polypoles.com\/wp-content\/uploads\/2021\/07\/Climatiseur-mobile-reversible-bureau-1.jpg","contentUrl":"https:\/\/www.polypoles.com\/wp-content\/uploads\/2021\/07\/Climatiseur-mobile-reversible-bureau-1.jpg","width":1080,"height":1080},{"@type":"BreadcrumbList","@id":"https:\/\/www.polypoles.com\/es\/alquiler-de-aparatos-de-aire-acondicionado-para-oficinas\/#breadcrumb","itemListElement":[{"@type":"ListItem","position":1,"name":"Home","item":"https:\/\/www.polypoles.com\/es\/"},{"@type":"ListItem","position":2,"name":"Alquiler de aparatos de aire acondicionado para oficinas"}]},{"@type":"WebSite","@id":"https:\/\/www.polypoles.com\/es\/#website","url":"https:\/\/www.polypoles.com\/es\/","name":"Polypoles","description":"Votre partenaire chaud-froid","publisher":{"@id":"https:\/\/www.polypoles.com\/es\/#organization"},"potentialAction":[{"@type":"SearchAction","target":{"@type":"EntryPoint","urlTemplate":"https:\/\/www.polypoles.com\/es\/?s={search_term_string}"},"query-input":{"@type":"PropertyValueSpecification","valueRequired":true,"valueName":"search_term_string"}}],"inLanguage":"es"},{"@type":"Organization","@id":"https:\/\/www.polypoles.com\/es\/#organization","name":"Polypoles","url":"https:\/\/www.polypoles.com\/es\/","logo":{"@type":"ImageObject","inLanguage":"es","@id":"https:\/\/www.polypoles.com\/es\/#\/schema\/logo\/image\/","url":"https:\/\/www.polypoles.com\/wp-content\/uploads\/2024\/06\/base-25-cm-300-DPI-scaled.jpg","contentUrl":"https:\/\/www.polypoles.com\/wp-content\/uploads\/2024\/06\/base-25-cm-300-DPI-scaled.jpg","width":2560,"height":497,"caption":"Polypoles"},"image":{"@id":"https:\/\/www.polypoles.com\/es\/#\/schema\/logo\/image\/"}}]}},"_links":{"self":[{"href":"https:\/\/www.polypoles.com\/es\/wp-json\/wp\/v2\/pages\/24796","targetHints":{"allow":["GET"]}}],"collection":[{"href":"https:\/\/www.polypoles.com\/es\/wp-json\/wp\/v2\/pages"}],"about":[{"href":"https:\/\/www.polypoles.com\/es\/wp-json\/wp\/v2\/types\/page"}],"author":[{"embeddable":true,"href":"https:\/\/www.polypoles.com\/es\/wp-json\/wp\/v2\/users\/3"}],"replies":[{"embeddable":true,"href":"https:\/\/www.polypoles.com\/es\/wp-json\/wp\/v2\/comments?post=24796"}],"version-history":[{"count":10,"href":"https:\/\/www.polypoles.com\/es\/wp-json\/wp\/v2\/pages\/24796\/revisions"}],"predecessor-version":[{"id":28066,"href":"https:\/\/www.polypoles.com\/es\/wp-json\/wp\/v2\/pages\/24796\/revisions\/28066"}],"wp:featuredmedia":[{"embeddable":true,"href":"https:\/\/www.polypoles.com\/es\/wp-json\/wp\/v2\/media\/13026"}],"wp:attachment":[{"href":"https:\/\/www.polypoles.com\/es\/wp-json\/wp\/v2\/media?parent=24796"}],"wp:term":[{"taxonomy":"post_tag","embeddable":true,"href":"https:\/\/www.polypoles.com\/es\/wp-json\/wp\/v2\/tags?post=24796"}],"curies":[{"name":"wp","href":"https:\/\/api.w.org\/{rel}","templated":true}]}}