{"id":24787,"date":"2021-10-18T14:51:00","date_gmt":"2021-10-18T12:51:00","guid":{"rendered":"https:\/\/www.polypoles.com\/calefaccion-de-alquiler-nancy\/"},"modified":"2026-01-27T14:59:49","modified_gmt":"2026-01-27T13:59:49","slug":"calefaccion-de-alquiler-nancy","status":"publish","type":"page","link":"https:\/\/www.polypoles.com\/es\/calefaccion-de-alquiler-nancy\/","title":{"rendered":"Calefacci\u00f3n de alquiler Nancy"},"content":{"rendered":"<div class=\"wpb-content-wrapper\"><p>[vc_row][vc_column][vc_column_text]<\/p>\n<h1 style=\"text-align: center;\">Calefacci\u00f3n de alquiler Nancy<\/h1>\n<p>[\/vc_column_text][\/vc_column][\/vc_row][vc_row][vc_column][vc_column_text css=\u00bb\u00bb]<\/p>\n<h2>POL\u00cdPOLOS: expertos en calefacci\u00f3n desde hace m\u00e1s de 30 a\u00f1os<\/h2>\n<p>POLYPOLES es especialista en calefacci\u00f3n, climatizaci\u00f3n y tratamiento del aire.<br \/>\nCon sus 7 sucursales, POLYPOLES atiende a sus clientes en toda Francia.<br \/>\nPara tu alquiler de calefacci\u00f3n en Nancy, recurre a nuestro equipo de t\u00e9cnicos y expertos.  <\/p>\n<h2>Calefacci\u00f3n de alquiler Nancy<\/h2>\n<p>La sucursal de Nancy est\u00e1 situada en Houdemont (54180) y <strong>cubre toda la regi\u00f3n de Grand-Est<\/strong>. La profesionalidad y la calidad del trabajo realizado por su personal comercial y t\u00e9cnico est\u00e1n bien consolidadas en los sectores de eventos, industrial y agr\u00edcola.<\/p>\n<p>Ofrecemos una amplia gama de <a href=\"https:\/\/www.polypoles.com\/es\/alquiler-de-calefaccion-2\/\">sistemas de calefacci\u00f3n de alquiler<\/a> para satisfacer todas tus necesidades: calefactores de gas\u00f3leo y de infrarrojos de gas\u00f3leo, generadores de aire caliente de gas\u00f3leo, aerotermos el\u00e9ctricos, calefactores el\u00e9ctricos de infrarrojos, destratificadores, calderas de le\u00f1a y m\u00f3viles y cortinas de aire caliente.<\/p>\n<p>&nbsp;<\/p>\n<p>Ya sea para tus oficinas, naves, edificios, almacenes o carpas, no dudes en recurrir a POLYPOLES para tus necesidades de alquiler de calefacci\u00f3n.<\/p>\n<p>&nbsp;<\/p>\n<p>Para m\u00e1s informaci\u00f3n, ll\u00e1manos al <span data-olk-copy-source=\"MessageBody\">03 57 54 04 20<\/span>. Los equipos de nuestra sucursal de Nancy est\u00e1n dispuestos a escuchar tus necesidades y se pondr\u00e1n en contacto contigo lo antes posible.<\/p>\n<p>&nbsp;<\/p>\n<p>POL\u00cdPOLOS, experiencia y apoyo a empresas y profesionales desde hace casi 33 a\u00f1os.[\/vc_column_text][\/vc_column][\/vc_row][vc_row][vc_column][vc_empty_space][\/vc_column][\/vc_row][vc_row][vc_column width=\u00bb1\/3&#8243;][vc_column_text]<\/p>\n<h2>Servicio de alquiler o venta de calefacci\u00f3n Nancy<\/h2>\n<ul>\n<li>Periodos de alquiler a medida<\/li>\n<li>Una amplia gama de calefactores<\/li>\n<li>Calentadores y aparatos comprobados antes de cada trabajo<\/li>\n<li>Presupuesto personalizado<\/li>\n<li>Instalaci\u00f3n, entrega, puesta en marcha y servicio posventa expr\u00e9s<\/li>\n<\/ul>\n<p>[\/vc_column_text][\/vc_column][vc_column width=\u00bb1\/3&#8243;][vc_gallery interval=\u00bb3&#8243; images=\u00bb13839&#8243; img_size=\u00bblarge\u00bb][\/vc_column][vc_column width=\u00bb1\/3&#8243;][vc_gallery interval=\u00bb3&#8243; images=\u00bb13616&#8243; img_size=\u00bblarge\u00bb][\/vc_column][\/vc_row][vc_row][vc_column][vc_column_text]<\/p>\n<h2>Intervenciones locales<\/h2>\n<p>La agencia POLYPOLES de Nancy puede operar en Nancy y en toda la regi\u00f3n del Grand-Est:<\/p>\n<p>C\u00f4te-d&#8217;Or (21), Alto Marne (52), Mosa (55), Meurthe y Mosela (54), Mosela (57), Bajo Rin (67), Alto Rin (68), Alto Saona (70), Vosgos (88), Territorio de Belfort (80)<\/p>\n<div class=\"wpb_column vc_column_container vc_col-sm-3\">\n<div class=\"vc_column-inner\">\n<div class=\"wpb_wrapper\">\n<div class=\"wpb_raw_code wpb_raw_html wpb_content_element\">\n<div class=\"wpb_wrapper\">\n<div class=\"vc_btn3-container appel vc_btn3-center vc_do_btn\"><a class=\"vc_general vc_btn3 vc_btn3-size-lg vc_btn3-shape-rounded vc_btn3-style-modern vc_btn3-icon-left vc_btn3-color-success\" title=\"Llama a Polypoles\" href=\"tel:+33810020851\" rel=\"nofollow\"><i class=\"vc_btn3-icon fa fa-solid fa-phone\"><\/i> <b>Contacta con nosotros<\/b><br \/>\n0 810 020 851<\/a><\/div>\n<\/div>\n<\/div>\n<\/div>\n<\/div>\n<\/div>\n<div class=\"wpb_column vc_column_container vc_col-sm-3\">\n<div class=\"vc_column-inner\">\n<div class=\"wpb_wrapper\">[vc_raw_html css=\u00bb\u00bb]PGRpdiBjbGFzcz0idmNfYnRuMy1jb250YWluZXIgZGV2aXMgdmNfYnRuMy1pbmxpbmUgdmNfZG9fYnRuIj48YSBjbGFzcz0idmNfZ2VuZXJhbCB2Y19idG4zIHZjX2J0bjMtc2l6ZS1sZyB2Y19idG4zLXNoYXBlLXJvdW5kZWQgdmNfYnRuMy1zdHlsZS1tb2Rlcm4gdmNfYnRuMy1pY29uLWxlZnQgdmNfYnRuMy1jb2xvci1wcmltYXJ5IiBocmVmPSJodHRwczovL3d3dy5wb2x5cG9sZXMuY29tL2VzL3BvbnRlLWVuLWNvbnRhY3RvLWNvbi8iIHRpdGxlPSJQb250ZSBlbiBjb250YWN0byBjb24gbm9zb3Ryb3MiPjxpIGNsYXNzPSJ2Y19idG4zLWljb24gZmFyIGZhLWVudmVsb3BlIj48L2k+ICBDb25zaWd1ZSB1bjxiPnByZXN1cHVlc3RvIGdyYXR1aXRvIGVuPC9iPjxicj48Yj48L2I+PC9hPjwvZGl2Pg==[\/vc_raw_html]<\/div>\n<\/div>\n<\/div>\n<p>[\/vc_column_text][\/vc_column][\/vc_row][vc_row][vc_column][vc_empty_space][vc_empty_space][\/vc_column][\/vc_row][vc_row][vc_column width=\u00bb1\/2&#8243;][vc_gmaps link=\u00bb#E-8_JTNDaWZyYW1lJTIwc3JjJTNEJTIyaHR0cHMlM0ElMkYlMkZ3d3cuZ29vZ2xlLmNvbSUyRm1hcHMlMkZlbWJlZCUzRnBiJTNEJTIxMW0xOCUyMTFtMTIlMjExbTMlMjExZDI2MzYuMzQ0MDQ3NjI1ODkyNSUyMTJkNi4xODY1MTc5MTUxMzcyOTQlMjEzZDQ4LjY0MTUzMzEyMzkwNjA2NSUyMTJtMyUyMTFmMCUyMTJmMCUyMTNmMCUyMTNtMiUyMTFpMTAyNCUyMTJpNzY4JTIxNGYxMy4xJTIxM20zJTIxMW0yJTIxMXMweDQ3OTQ5OWYyZTBmZDdmMWQlMjUzQTB4Mzc4ZTc2ZDk3OTVkM2NhYiUyMTJzUG9seXBvbGVzJTIxNWUwJTIxM20yJTIxMXNmciUyMTJzZnIlMjE0djE2MjU2NDg3NTcxMDglMjE1bTIlMjExc2ZyJTIxMnNmciUyMiUyMHdpZHRoJTNEJTIyNjAwJTIyJTIwaGVpZ2h0JTNEJTIyNDUwJTIyJTIwc3R5bGUlM0QlMjJib3JkZXIlM0EwJTNCJTIyJTIwYWxsb3dmdWxsc2NyZWVuJTNEJTIyJTIyJTIwbG9hZGluZyUzRCUyMmxhenklMjIlM0UlM0MlMkZpZnJhbWUlM0U=\u00bb size=\u00bblarge\u00bb][\/vc_column][vc_column width=\u00bb1\/2&#8243;][vc_gallery interval=\u00bb3&#8243; images=\u00bb13834&#8243; img_size=\u00bblarge\u00bb][\/vc_column][\/vc_row][vc_row][vc_column][vc_column_text]<\/p>\n<h2>Servicios de urgencia de calefacci\u00f3n y refrigeraci\u00f3n: alquiler de calefacci\u00f3n en Nancy y la regi\u00f3n de Grand-Est<\/h2>\n<p>En caso de aver\u00eda de la calefacci\u00f3n en la regi\u00f3n de Nancy y el este de Francia, la sucursal de Nancy acudir\u00e1 en tu ayuda en un plazo de 24 a 48 horas para el alquiler de calefacci\u00f3n.<br \/>\nNuestra cobertura del territorio franc\u00e9s es una baza que nos permite intervenir lo m\u00e1s r\u00e1pidamente posible.<br \/>\nCada sucursal dispone de un amplio stock de productos y equipos de calefacci\u00f3n para poder responder a cualquier emergencia.[\/vc_column_text][\/vc_column][\/vc_row][vc_row][vc_column][vc_column_text]<\/p>\n<h2>Alquiler de calefacci\u00f3n en Nancy y en toda la regi\u00f3n de Grand-Est<\/h2>\n<p>[\/vc_column_text][\/vc_column][\/vc_row][vc_row][vc_column width=\u00bb1\/3&#8243;][vc_gallery interval=\u00bb3&#8243; images=\u00bb13592&#8243; img_size=\u00bblarge\u00bb][\/vc_column][vc_column width=\u00bb1\/3&#8243;][vc_gallery interval=\u00bb3&#8243; images=\u00bb13591&#8243; img_size=\u00bblarge\u00bb][\/vc_column][vc_column width=\u00bb1\/3&#8243;][vc_gallery interval=\u00bb3&#8243; images=\u00bb13590&#8243; img_size=\u00bblarge\u00bb][\/vc_column][\/vc_row][vc_row][vc_column width=\u00bb1\/3&#8243;][vc_gallery interval=\u00bb3&#8243; images=\u00bb13589&#8243; img_size=\u00bblarge\u00bb][\/vc_column][vc_column width=\u00bb1\/3&#8243;][vc_gallery interval=\u00bb3&#8243; images=\u00bb13588&#8243; img_size=\u00bblarge\u00bb][\/vc_column][vc_column width=\u00bb1\/3&#8243;][vc_gallery interval=\u00bb3&#8243; images=\u00bb13587&#8243; img_size=\u00bblarge\u00bb][\/vc_column][\/vc_row][vc_row][vc_column][vc_empty_space][vc_column_text css=\u00bb\u00bb]<\/p>\n<h2>Nuestras delegaciones en Francia<\/h2>\n<ul>\n<li><a href=\"https:\/\/www.polypoles.com\/es\/alquiler-de-calefaccion-paris\/\">Alquiler de calefacci\u00f3n Par\u00eds<\/a><\/li>\n<li><a href=\"https:\/\/www.polypoles.com\/es\/alquiler-de-calefaccion-en-lille\/\">Alquiler de calefacci\u00f3n en Lille<\/a><\/li>\n<li><a href=\"https:\/\/www.polypoles.com\/es\/alquiler-de-calefaccion-lyon\/\">Alquiler de calefacci\u00f3n Lyon<\/a><\/li>\n<li><a href=\"https:\/\/www.polypoles.com\/es\/alquiler-de-calefaccion-estrasburgo\/\">Alquiler de calefacci\u00f3n Estrasburgo  <\/a><\/li>\n<li><a href=\"https:\/\/www.polypoles.com\/es\/alquiler-de-calefaccion-toulouse\/\">Alquiler de calefacci\u00f3n Toulouse<\/a><\/li>\n<li><a href=\"https:\/\/www.polypoles.com\/es\/alquiler-de-calefaccion-burdeos\/\">Alquiler de calefacci\u00f3n Burdeos<\/a><\/li>\n<li><a href=\"https:\/\/www.polypoles.com\/es\/alquiler-de-calefaccion-nantes\/\">Alquiler de calefacci\u00f3n Nantes<\/a><\/li>\n<li><a href=\"https:\/\/www.polypoles.com\/es\/alquiler-de-calefaccion-bruselas\/\">Alquiler de calefacci\u00f3n Bruselas  <\/a><\/li>\n<\/ul>\n<p>[\/vc_column_text][\/vc_column][\/vc_row][vc_row][vc_column][vc_column_text]<\/p>\n<h2>Nuestros productos de calefacci\u00f3n<\/h2>\n<p>[\/vc_column_text][\/vc_column][\/vc_row][vc_row][vc_column]<div class=\"woocommerce columns-4\"><ul class=\"products columns-4\">\n<li class=\"product-category product first\">\n\t<a aria-label=\"Visitar la categor\u00eda de producto Calefacci\u00f3n\" href=\"https:\/\/www.polypoles.com\/es\/categorie-produit\/calefaccion\/\"><img loading=\"lazy\" decoding=\"async\" src=\"https:\/\/www.polypoles.com\/wp-content\/uploads\/2020\/06\/AEROTHERME-TRIPHASE-GEBN18-300x300.jpg\" alt=\"Calefacci\u00f3n\" width=\"300\" height=\"300\" srcset=\"https:\/\/www.polypoles.com\/wp-content\/uploads\/2020\/06\/AEROTHERME-TRIPHASE-GEBN18-300x300.jpg 300w, https:\/\/www.polypoles.com\/wp-content\/uploads\/2020\/06\/AEROTHERME-TRIPHASE-GEBN18-150x150.jpg 150w, https:\/\/www.polypoles.com\/wp-content\/uploads\/2020\/06\/AEROTHERME-TRIPHASE-GEBN18-100x100.jpg 100w, https:\/\/www.polypoles.com\/wp-content\/uploads\/2020\/06\/AEROTHERME-TRIPHASE-GEBN18.jpg 600w\" sizes=\"auto, (max-width: 300px) 100vw, 300px\" \/>\t\t<h2 class=\"woocommerce-loop-category__title\">\n\t\t\tCalefacci\u00f3n <mark class=\"count\">(58)<\/mark>\t\t<\/h2>\n\t\t<\/a><\/li>\n<li class=\"product-category product\">\n\t<a aria-label=\"Visitar la categor\u00eda de producto Termoventilador el\u00e9ctrico\" href=\"https:\/\/www.polypoles.com\/es\/categorie-produit\/calefaccion\/termoventilador-electrico\/\"><img loading=\"lazy\" decoding=\"async\" src=\"https:\/\/www.polypoles.com\/wp-content\/uploads\/2020\/06\/Aerotherme-electrique-RP15-triphase-300x300.jpg\" alt=\"Termoventilador el\u00e9ctrico\" width=\"300\" height=\"300\" srcset=\"https:\/\/www.polypoles.com\/wp-content\/uploads\/2020\/06\/Aerotherme-electrique-RP15-triphase-300x300.jpg 300w, https:\/\/www.polypoles.com\/wp-content\/uploads\/2020\/06\/Aerotherme-electrique-RP15-triphase-150x150.jpg 150w, https:\/\/www.polypoles.com\/wp-content\/uploads\/2020\/06\/Aerotherme-electrique-RP15-triphase-600x600.jpg 600w, https:\/\/www.polypoles.com\/wp-content\/uploads\/2020\/06\/Aerotherme-electrique-RP15-triphase-100x100.jpg 100w, https:\/\/www.polypoles.com\/wp-content\/uploads\/2020\/06\/Aerotherme-electrique-RP15-triphase.jpg 654w\" sizes=\"auto, (max-width: 300px) 100vw, 300px\" \/>\t\t<h2 class=\"woocommerce-loop-category__title\">\n\t\t\tTermoventilador el\u00e9ctrico <mark class=\"count\">(12)<\/mark>\t\t<\/h2>\n\t\t<\/a><\/li>\n<li class=\"product-category product\">\n\t<a aria-label=\"Visitar la categor\u00eda de producto Desestratificadores industriales\" href=\"https:\/\/www.polypoles.com\/es\/categorie-produit\/calefaccion\/desestratificadores-industriales\/\"><img loading=\"lazy\" decoding=\"async\" src=\"https:\/\/www.polypoles.com\/wp-content\/uploads\/2020\/06\/LEOD3.jpg\" alt=\"Desestratificadores industriales\" width=\"300\" height=\"300\" srcset=\"https:\/\/www.polypoles.com\/wp-content\/uploads\/2020\/06\/LEOD3.jpg 295w, https:\/\/www.polypoles.com\/wp-content\/uploads\/2020\/06\/LEOD3-150x150.jpg 150w, https:\/\/www.polypoles.com\/wp-content\/uploads\/2020\/06\/LEOD3-100x100.jpg 100w\" sizes=\"auto, (max-width: 295px) 100vw, 295px\" \/>\t\t<h2 class=\"woocommerce-loop-category__title\">\n\t\t\tDesestratificadores industriales <mark class=\"count\">(3)<\/mark>\t\t<\/h2>\n\t\t<\/a><\/li>\n<li class=\"product-category product last\">\n\t<a aria-label=\"Visitar la categor\u00eda de producto Caldera m\u00f3vil\" href=\"https:\/\/www.polypoles.com\/es\/categorie-produit\/calefaccion\/caldera-movil\/\"><img loading=\"lazy\" decoding=\"async\" src=\"https:\/\/www.polypoles.com\/wp-content\/uploads\/2020\/06\/hotmobil-mobile-heizzentrale-o-300x300.jpg\" alt=\"Caldera m\u00f3vil\" width=\"300\" height=\"300\" srcset=\"https:\/\/www.polypoles.com\/wp-content\/uploads\/2020\/06\/hotmobil-mobile-heizzentrale-o-300x300.jpg 300w, https:\/\/www.polypoles.com\/wp-content\/uploads\/2020\/06\/hotmobil-mobile-heizzentrale-o-150x150.jpg 150w, https:\/\/www.polypoles.com\/wp-content\/uploads\/2020\/06\/hotmobil-mobile-heizzentrale-o-100x100.jpg 100w, https:\/\/www.polypoles.com\/wp-content\/uploads\/2020\/06\/hotmobil-mobile-heizzentrale-o.jpg 600w\" sizes=\"auto, (max-width: 300px) 100vw, 300px\" \/>\t\t<h2 class=\"woocommerce-loop-category__title\">\n\t\t\tCaldera m\u00f3vil <mark class=\"count\">(14)<\/mark>\t\t<\/h2>\n\t\t<\/a><\/li>\n<li class=\"product-category product first\">\n\t<a aria-label=\"Visitar la categor\u00eda de producto Calefacci\u00f3n el\u00e9ctrica por infrarrojos\" href=\"https:\/\/www.polypoles.com\/es\/categorie-produit\/calefaccion\/calefaccion-electrica-por-infrarrojos\/\"><img loading=\"lazy\" decoding=\"async\" src=\"https:\/\/www.polypoles.com\/wp-content\/uploads\/2020\/06\/Chauffage-infrarouge-MOEL-HOT-TOP-800-300x300.jpg\" alt=\"Calefacci\u00f3n el\u00e9ctrica por infrarrojos\" width=\"300\" height=\"300\" srcset=\"https:\/\/www.polypoles.com\/wp-content\/uploads\/2020\/06\/Chauffage-infrarouge-MOEL-HOT-TOP-800-300x300.jpg 300w, https:\/\/www.polypoles.com\/wp-content\/uploads\/2020\/06\/Chauffage-infrarouge-MOEL-HOT-TOP-800-150x150.jpg 150w, https:\/\/www.polypoles.com\/wp-content\/uploads\/2020\/06\/Chauffage-infrarouge-MOEL-HOT-TOP-800-768x768.jpg 768w, https:\/\/www.polypoles.com\/wp-content\/uploads\/2020\/06\/Chauffage-infrarouge-MOEL-HOT-TOP-800-600x600.jpg 600w, https:\/\/www.polypoles.com\/wp-content\/uploads\/2020\/06\/Chauffage-infrarouge-MOEL-HOT-TOP-800-100x100.jpg 100w, https:\/\/www.polypoles.com\/wp-content\/uploads\/2020\/06\/Chauffage-infrarouge-MOEL-HOT-TOP-800.jpg 800w\" sizes=\"auto, (max-width: 300px) 100vw, 300px\" \/>\t\t<h2 class=\"woocommerce-loop-category__title\">\n\t\t\tCalefacci\u00f3n el\u00e9ctrica por infrarrojos <mark class=\"count\">(8)<\/mark>\t\t<\/h2>\n\t\t<\/a><\/li>\n<li class=\"product-category product\">\n\t<a aria-label=\"Visitar la categor\u00eda de producto Cortina de aire caliente\" href=\"https:\/\/www.polypoles.com\/es\/categorie-produit\/calefaccion\/cortina-de-aire-caliente\/\"><img loading=\"lazy\" decoding=\"async\" src=\"https:\/\/www.polypoles.com\/wp-content\/uploads\/2020\/06\/Rideau-d-air-Chaud-300x300.jpg\" alt=\"Cortina de aire caliente\" width=\"300\" height=\"300\" srcset=\"https:\/\/www.polypoles.com\/wp-content\/uploads\/2020\/06\/Rideau-d-air-Chaud-300x300.jpg 300w, https:\/\/www.polypoles.com\/wp-content\/uploads\/2020\/06\/Rideau-d-air-Chaud-150x150.jpg 150w, https:\/\/www.polypoles.com\/wp-content\/uploads\/2020\/06\/Rideau-d-air-Chaud-768x768.jpg 768w, https:\/\/www.polypoles.com\/wp-content\/uploads\/2020\/06\/Rideau-d-air-Chaud-600x600.jpg 600w, https:\/\/www.polypoles.com\/wp-content\/uploads\/2020\/06\/Rideau-d-air-Chaud-100x100.jpg 100w, https:\/\/www.polypoles.com\/wp-content\/uploads\/2020\/06\/Rideau-d-air-Chaud.jpg 800w\" sizes=\"auto, (max-width: 300px) 100vw, 300px\" \/>\t\t<h2 class=\"woocommerce-loop-category__title\">\n\t\t\tCortina de aire caliente <mark class=\"count\">(3)<\/mark>\t\t<\/h2>\n\t\t<\/a><\/li>\n<li class=\"product-category product\">\n\t<a aria-label=\"Visitar la categor\u00eda de producto Caldera de le\u00f1a\" href=\"https:\/\/www.polypoles.com\/es\/categorie-produit\/calefaccion\/caldera-de-lena\/\"><img loading=\"lazy\" decoding=\"async\" src=\"https:\/\/www.polypoles.com\/wp-content\/uploads\/2020\/06\/chauffage-bois-gamme-f-300x300.jpg\" alt=\"Caldera de le\u00f1a\" width=\"300\" height=\"300\" srcset=\"https:\/\/www.polypoles.com\/wp-content\/uploads\/2020\/06\/chauffage-bois-gamme-f-300x300.jpg 300w, https:\/\/www.polypoles.com\/wp-content\/uploads\/2020\/06\/chauffage-bois-gamme-f-150x150.jpg 150w, https:\/\/www.polypoles.com\/wp-content\/uploads\/2020\/06\/chauffage-bois-gamme-f-100x100.jpg 100w, https:\/\/www.polypoles.com\/wp-content\/uploads\/2020\/06\/chauffage-bois-gamme-f.jpg 589w\" sizes=\"auto, (max-width: 300px) 100vw, 300px\" \/>\t\t<h2 class=\"woocommerce-loop-category__title\">\n\t\t\tCaldera de le\u00f1a <mark class=\"count\">(5)<\/mark>\t\t<\/h2>\n\t\t<\/a><\/li>\n<li class=\"product-category product last\">\n\t<a aria-label=\"Visitar la categor\u00eda de producto Calefacci\u00f3n de gas\u00f3leo\" href=\"https:\/\/www.polypoles.com\/es\/categorie-produit\/calefaccion\/calefaccion-de-gasoleo\/\"><img loading=\"lazy\" decoding=\"async\" src=\"https:\/\/www.polypoles.com\/wp-content\/uploads\/2020\/06\/3diemoEC-300x300.jpg\" alt=\"Calefacci\u00f3n de gas\u00f3leo\" width=\"300\" height=\"300\" srcset=\"https:\/\/www.polypoles.com\/wp-content\/uploads\/2020\/06\/3diemoEC-300x300.jpg 300w, https:\/\/www.polypoles.com\/wp-content\/uploads\/2020\/06\/3diemoEC-150x150.jpg 150w, https:\/\/www.polypoles.com\/wp-content\/uploads\/2020\/06\/3diemoEC-100x100.jpg 100w, https:\/\/www.polypoles.com\/wp-content\/uploads\/2020\/06\/3diemoEC.jpg 600w\" sizes=\"auto, (max-width: 300px) 100vw, 300px\" \/>\t\t<h2 class=\"woocommerce-loop-category__title\">\n\t\t\tCalefacci\u00f3n de gas\u00f3leo <mark class=\"count\">(7)<\/mark>\t\t<\/h2>\n\t\t<\/a><\/li>\n<li class=\"product-category product first\">\n\t<a aria-label=\"Visitar la categor\u00eda de producto Calentamiento de gran volumen\" href=\"https:\/\/www.polypoles.com\/es\/categorie-produit\/calefaccion\/calentamiento-de-gran-volumen\/\"><img loading=\"lazy\" decoding=\"async\" src=\"https:\/\/www.polypoles.com\/wp-content\/uploads\/2020\/06\/IMA_185-tri-300x300.jpg\" alt=\"Calentamiento de gran volumen\" width=\"300\" height=\"300\" srcset=\"https:\/\/www.polypoles.com\/wp-content\/uploads\/2020\/06\/IMA_185-tri-300x300.jpg 300w, https:\/\/www.polypoles.com\/wp-content\/uploads\/2020\/06\/IMA_185-tri-150x150.jpg 150w, https:\/\/www.polypoles.com\/wp-content\/uploads\/2020\/06\/IMA_185-tri-100x100.jpg 100w, https:\/\/www.polypoles.com\/wp-content\/uploads\/2020\/06\/IMA_185-tri.jpg 600w\" sizes=\"auto, (max-width: 300px) 100vw, 300px\" \/>\t\t<h2 class=\"woocommerce-loop-category__title\">\n\t\t\tCalentamiento de gran volumen <mark class=\"count\">(4)<\/mark>\t\t<\/h2>\n\t\t<\/a><\/li>\n<li class=\"product-category product\">\n\t<a aria-label=\"Visitar la categor\u00eda de producto Torre anticongelante\" href=\"https:\/\/www.polypoles.com\/es\/categorie-produit\/calefaccion\/torre-anticongelante\/\"><img loading=\"lazy\" decoding=\"async\" src=\"https:\/\/www.polypoles.com\/wp-content\/uploads\/2021\/07\/ventigel-300x300.jpg\" alt=\"Torre anticongelante\" width=\"300\" height=\"300\" srcset=\"https:\/\/www.polypoles.com\/wp-content\/uploads\/2021\/07\/ventigel-300x300.jpg 300w, https:\/\/www.polypoles.com\/wp-content\/uploads\/2021\/07\/ventigel-150x150.jpg 150w, https:\/\/www.polypoles.com\/wp-content\/uploads\/2021\/07\/ventigel-100x100.jpg 100w, https:\/\/www.polypoles.com\/wp-content\/uploads\/2021\/07\/ventigel-32x32.jpg 32w, https:\/\/www.polypoles.com\/wp-content\/uploads\/2021\/07\/ventigel.jpg 500w\" sizes=\"auto, (max-width: 300px) 100vw, 300px\" \/>\t\t<h2 class=\"woocommerce-loop-category__title\">\n\t\t\tTorre anticongelante <mark class=\"count\">(1)<\/mark>\t\t<\/h2>\n\t\t<\/a><\/li>\n<li class=\"product-category product\">\n\t<a aria-label=\"Visitar la categor\u00eda de producto Calefacci\u00f3n industrial de gas\" href=\"https:\/\/www.polypoles.com\/es\/categorie-produit\/calefaccion\/calefaccion-industrial-de-gas\/\"><img loading=\"lazy\" decoding=\"async\" src=\"https:\/\/www.polypoles.com\/wp-content\/uploads\/2020\/06\/KID-1-300x300.jpg\" alt=\"Calefacci\u00f3n industrial de gas\" width=\"300\" height=\"300\" srcset=\"https:\/\/www.polypoles.com\/wp-content\/uploads\/2020\/06\/KID-1-300x300.jpg 300w, https:\/\/www.polypoles.com\/wp-content\/uploads\/2020\/06\/KID-1-150x150.jpg 150w, https:\/\/www.polypoles.com\/wp-content\/uploads\/2020\/06\/KID-1-100x100.jpg 100w, https:\/\/www.polypoles.com\/wp-content\/uploads\/2020\/06\/KID-1-32x32.jpg 32w, https:\/\/www.polypoles.com\/wp-content\/uploads\/2020\/06\/KID-1.jpg 500w\" sizes=\"auto, (max-width: 300px) 100vw, 300px\" \/>\t\t<h2 class=\"woocommerce-loop-category__title\">\n\t\t\tCalefacci\u00f3n industrial de gas <mark class=\"count\">(3)<\/mark>\t\t<\/h2>\n\t\t<\/a><\/li>\n<li class=\"product-category product last\">\n\t<a aria-label=\"Visitar la categor\u00eda de producto Generador de aire caliente alimentado con gas\u00f3leo\" href=\"https:\/\/www.polypoles.com\/es\/categorie-produit\/calefaccion\/generador-de-aire-caliente-alimentado-con-gasoleo\/\"><img loading=\"lazy\" decoding=\"async\" src=\"https:\/\/www.polypoles.com\/wp-content\/uploads\/2020\/06\/generateur_fixe_air_chaud3-300x300.jpg\" alt=\"Generador de aire caliente alimentado con gas\u00f3leo\" width=\"300\" height=\"300\" srcset=\"https:\/\/www.polypoles.com\/wp-content\/uploads\/2020\/06\/generateur_fixe_air_chaud3-300x300.jpg 300w, https:\/\/www.polypoles.com\/wp-content\/uploads\/2020\/06\/generateur_fixe_air_chaud3-150x150.jpg 150w, https:\/\/www.polypoles.com\/wp-content\/uploads\/2020\/06\/generateur_fixe_air_chaud3-100x100.jpg 100w\" sizes=\"auto, (max-width: 300px) 100vw, 300px\" \/>\t\t<h2 class=\"woocommerce-loop-category__title\">\n\t\t\tGenerador de aire caliente alimentado con gas\u00f3leo <mark class=\"count\">(1)<\/mark>\t\t<\/h2>\n\t\t<\/a><\/li>\n<li class=\"product-category product first\">\n\t<a aria-label=\"Visitar la categor\u00eda de producto Calefacci\u00f3n de gas\u00f3leo por infrarrojos\" href=\"https:\/\/www.polypoles.com\/es\/categorie-produit\/calefaccion\/calefaccion-de-gasoleo-por-infrarrojos\/\"><img loading=\"lazy\" decoding=\"async\" src=\"https:\/\/www.polypoles.com\/wp-content\/uploads\/2024\/06\/VAL6-1-300x300.jpg\" alt=\"Calefacci\u00f3n de gas\u00f3leo por infrarrojos\" width=\"300\" height=\"300\" srcset=\"https:\/\/www.polypoles.com\/wp-content\/uploads\/2024\/06\/VAL6-1-300x300.jpg 300w, https:\/\/www.polypoles.com\/wp-content\/uploads\/2024\/06\/VAL6-1-150x150.jpg 150w, https:\/\/www.polypoles.com\/wp-content\/uploads\/2024\/06\/VAL6-1-100x100.jpg 100w, https:\/\/www.polypoles.com\/wp-content\/uploads\/2024\/06\/VAL6-1-32x32.jpg 32w, https:\/\/www.polypoles.com\/wp-content\/uploads\/2024\/06\/VAL6-1.jpg 500w\" sizes=\"auto, (max-width: 300px) 100vw, 300px\" \/>\t\t<h2 class=\"woocommerce-loop-category__title\">\n\t\t\tCalefacci\u00f3n de gas\u00f3leo por infrarrojos <mark class=\"count\">(4)<\/mark>\t\t<\/h2>\n\t\t<\/a><\/li>\n<\/ul>\n<\/div>[\/vc_column][\/vc_row]<\/p>\n<\/div>","protected":false},"excerpt":{"rendered":"<p>[vc_row][vc_column][vc_column_text] Calefacci\u00f3n de alquiler Nancy [\/vc_column_text][\/vc_column][\/vc_row][vc_row][vc_column][vc_column_text css=\u00bb\u00bb] POL\u00cdPOLOS: expertos en calefacci\u00f3n desde hace m\u00e1s de 30 a\u00f1os POLYPOLES es especialista en calefacci\u00f3n, climatizaci\u00f3n y tratamiento del aire. Con sus 7 sucursales, POLYPOLES atiende a sus clientes en toda Francia. Para tu alquiler de calefacci\u00f3n en Nancy, recurre a nuestro equipo de t\u00e9cnicos y expertos. Calefacci\u00f3n&#8230;<\/p>\n","protected":false},"author":3,"featured_media":13834,"parent":0,"menu_order":0,"comment_status":"closed","ping_status":"closed","template":"","meta":{"_acf_changed":false,"footnotes":""},"tags":[],"class_list":["post-24787","page","type-page","status-publish","has-post-thumbnail","hentry"],"acf":[],"yoast_head":"<!-- This site is optimized with the Yoast SEO plugin v24.9 - https:\/\/yoast.com\/wordpress\/plugins\/seo\/ -->\n<title>Alquiler de calefacci\u00f3n Nancy y Grand-Est | Polypoles votre sp\u00e9cialiste<\/title>\n<meta name=\"description\" content=\"Alquiler de calefacci\u00f3n en Nancy, calefacci\u00f3n de gas y el\u00e9ctrica, calefactores el\u00e9ctricos unitarios, calderas de le\u00f1a y m\u00f3viles, calefactores de infrarrojos | Presupuesto gratuito a medida.\" \/>\n<meta name=\"robots\" content=\"index, follow, max-snippet:-1, max-image-preview:large, max-video-preview:-1\" \/>\n<link rel=\"canonical\" href=\"https:\/\/www.polypoles.com\/es\/calefaccion-de-alquiler-nancy\/\" \/>\n<meta property=\"og:locale\" content=\"es_ES\" \/>\n<meta property=\"og:type\" content=\"article\" \/>\n<meta property=\"og:title\" content=\"Alquiler de calefacci\u00f3n Nancy y Grand-Est | Polypoles votre sp\u00e9cialiste\" \/>\n<meta property=\"og:description\" content=\"Alquiler de calefacci\u00f3n en Nancy, calefacci\u00f3n de gas y el\u00e9ctrica, calefactores el\u00e9ctricos unitarios, calderas de le\u00f1a y m\u00f3viles, calefactores de infrarrojos | Presupuesto gratuito a medida.\" \/>\n<meta property=\"og:url\" content=\"https:\/\/www.polypoles.com\/es\/calefaccion-de-alquiler-nancy\/\" \/>\n<meta property=\"og:site_name\" content=\"Polypoles\" \/>\n<meta property=\"article:modified_time\" content=\"2026-01-27T13:59:49+00:00\" \/>\n<meta property=\"og:image\" content=\"https:\/\/www.polypoles.com\/wp-content\/uploads\/2021\/10\/Agence-de-Nancy.jpg\" \/>\n\t<meta property=\"og:image:width\" content=\"628\" \/>\n\t<meta property=\"og:image:height\" content=\"470\" \/>\n\t<meta property=\"og:image:type\" content=\"image\/jpeg\" \/>\n<meta name=\"twitter:card\" content=\"summary_large_image\" \/>\n<meta name=\"twitter:label1\" content=\"Tiempo de lectura\" \/>\n\t<meta name=\"twitter:data1\" content=\"5 minutos\" \/>\n<script type=\"application\/ld+json\" class=\"yoast-schema-graph\">{\"@context\":\"https:\/\/schema.org\",\"@graph\":[{\"@type\":\"WebPage\",\"@id\":\"https:\/\/www.polypoles.com\/es\/calefaccion-de-alquiler-nancy\/\",\"url\":\"https:\/\/www.polypoles.com\/es\/calefaccion-de-alquiler-nancy\/\",\"name\":\"Alquiler de calefacci\u00f3n Nancy y Grand-Est | Polypoles votre sp\u00e9cialiste\",\"isPartOf\":{\"@id\":\"https:\/\/www.polypoles.com\/es\/#website\"},\"primaryImageOfPage\":{\"@id\":\"https:\/\/www.polypoles.com\/es\/calefaccion-de-alquiler-nancy\/#primaryimage\"},\"image\":{\"@id\":\"https:\/\/www.polypoles.com\/es\/calefaccion-de-alquiler-nancy\/#primaryimage\"},\"thumbnailUrl\":\"https:\/\/www.polypoles.com\/wp-content\/uploads\/2021\/10\/Agence-de-Nancy.jpg\",\"datePublished\":\"2021-10-18T12:51:00+00:00\",\"dateModified\":\"2026-01-27T13:59:49+00:00\",\"description\":\"Alquiler de calefacci\u00f3n en Nancy, calefacci\u00f3n de gas y el\u00e9ctrica, calefactores el\u00e9ctricos unitarios, calderas de le\u00f1a y m\u00f3viles, calefactores de infrarrojos | Presupuesto gratuito a medida.\",\"breadcrumb\":{\"@id\":\"https:\/\/www.polypoles.com\/es\/calefaccion-de-alquiler-nancy\/#breadcrumb\"},\"inLanguage\":\"es\",\"potentialAction\":[{\"@type\":\"ReadAction\",\"target\":[\"https:\/\/www.polypoles.com\/es\/calefaccion-de-alquiler-nancy\/\"]}]},{\"@type\":\"ImageObject\",\"inLanguage\":\"es\",\"@id\":\"https:\/\/www.polypoles.com\/es\/calefaccion-de-alquiler-nancy\/#primaryimage\",\"url\":\"https:\/\/www.polypoles.com\/wp-content\/uploads\/2021\/10\/Agence-de-Nancy.jpg\",\"contentUrl\":\"https:\/\/www.polypoles.com\/wp-content\/uploads\/2021\/10\/Agence-de-Nancy.jpg\",\"width\":628,\"height\":470,\"caption\":\"Agence polypoles nancy\"},{\"@type\":\"BreadcrumbList\",\"@id\":\"https:\/\/www.polypoles.com\/es\/calefaccion-de-alquiler-nancy\/#breadcrumb\",\"itemListElement\":[{\"@type\":\"ListItem\",\"position\":1,\"name\":\"Home\",\"item\":\"https:\/\/www.polypoles.com\/es\/\"},{\"@type\":\"ListItem\",\"position\":2,\"name\":\"Calefacci\u00f3n de alquiler Nancy\"}]},{\"@type\":\"WebSite\",\"@id\":\"https:\/\/www.polypoles.com\/es\/#website\",\"url\":\"https:\/\/www.polypoles.com\/es\/\",\"name\":\"Polypoles\",\"description\":\"Votre partenaire chaud-froid\",\"publisher\":{\"@id\":\"https:\/\/www.polypoles.com\/es\/#organization\"},\"potentialAction\":[{\"@type\":\"SearchAction\",\"target\":{\"@type\":\"EntryPoint\",\"urlTemplate\":\"https:\/\/www.polypoles.com\/es\/?s={search_term_string}\"},\"query-input\":{\"@type\":\"PropertyValueSpecification\",\"valueRequired\":true,\"valueName\":\"search_term_string\"}}],\"inLanguage\":\"es\"},{\"@type\":\"Organization\",\"@id\":\"https:\/\/www.polypoles.com\/es\/#organization\",\"name\":\"Polypoles\",\"url\":\"https:\/\/www.polypoles.com\/es\/\",\"logo\":{\"@type\":\"ImageObject\",\"inLanguage\":\"es\",\"@id\":\"https:\/\/www.polypoles.com\/es\/#\/schema\/logo\/image\/\",\"url\":\"https:\/\/www.polypoles.com\/wp-content\/uploads\/2024\/06\/base-25-cm-300-DPI-scaled.jpg\",\"contentUrl\":\"https:\/\/www.polypoles.com\/wp-content\/uploads\/2024\/06\/base-25-cm-300-DPI-scaled.jpg\",\"width\":2560,\"height\":497,\"caption\":\"Polypoles\"},\"image\":{\"@id\":\"https:\/\/www.polypoles.com\/es\/#\/schema\/logo\/image\/\"}}]}<\/script>\n<!-- \/ Yoast SEO plugin. -->","yoast_head_json":{"title":"Alquiler de calefacci\u00f3n Nancy y Grand-Est | Polypoles votre sp\u00e9cialiste","description":"Alquiler de calefacci\u00f3n en Nancy, calefacci\u00f3n de gas y el\u00e9ctrica, calefactores el\u00e9ctricos unitarios, calderas de le\u00f1a y m\u00f3viles, calefactores de infrarrojos | Presupuesto gratuito a medida.","robots":{"index":"index","follow":"follow","max-snippet":"max-snippet:-1","max-image-preview":"max-image-preview:large","max-video-preview":"max-video-preview:-1"},"canonical":"https:\/\/www.polypoles.com\/es\/calefaccion-de-alquiler-nancy\/","og_locale":"es_ES","og_type":"article","og_title":"Alquiler de calefacci\u00f3n Nancy y Grand-Est | Polypoles votre sp\u00e9cialiste","og_description":"Alquiler de calefacci\u00f3n en Nancy, calefacci\u00f3n de gas y el\u00e9ctrica, calefactores el\u00e9ctricos unitarios, calderas de le\u00f1a y m\u00f3viles, calefactores de infrarrojos | Presupuesto gratuito a medida.","og_url":"https:\/\/www.polypoles.com\/es\/calefaccion-de-alquiler-nancy\/","og_site_name":"Polypoles","article_modified_time":"2026-01-27T13:59:49+00:00","og_image":[{"width":628,"height":470,"url":"https:\/\/www.polypoles.com\/wp-content\/uploads\/2021\/10\/Agence-de-Nancy.jpg","type":"image\/jpeg"}],"twitter_card":"summary_large_image","twitter_misc":{"Tiempo de lectura":"5 minutos"},"schema":{"@context":"https:\/\/schema.org","@graph":[{"@type":"WebPage","@id":"https:\/\/www.polypoles.com\/es\/calefaccion-de-alquiler-nancy\/","url":"https:\/\/www.polypoles.com\/es\/calefaccion-de-alquiler-nancy\/","name":"Alquiler de calefacci\u00f3n Nancy y Grand-Est | Polypoles votre sp\u00e9cialiste","isPartOf":{"@id":"https:\/\/www.polypoles.com\/es\/#website"},"primaryImageOfPage":{"@id":"https:\/\/www.polypoles.com\/es\/calefaccion-de-alquiler-nancy\/#primaryimage"},"image":{"@id":"https:\/\/www.polypoles.com\/es\/calefaccion-de-alquiler-nancy\/#primaryimage"},"thumbnailUrl":"https:\/\/www.polypoles.com\/wp-content\/uploads\/2021\/10\/Agence-de-Nancy.jpg","datePublished":"2021-10-18T12:51:00+00:00","dateModified":"2026-01-27T13:59:49+00:00","description":"Alquiler de calefacci\u00f3n en Nancy, calefacci\u00f3n de gas y el\u00e9ctrica, calefactores el\u00e9ctricos unitarios, calderas de le\u00f1a y m\u00f3viles, calefactores de infrarrojos | Presupuesto gratuito a medida.","breadcrumb":{"@id":"https:\/\/www.polypoles.com\/es\/calefaccion-de-alquiler-nancy\/#breadcrumb"},"inLanguage":"es","potentialAction":[{"@type":"ReadAction","target":["https:\/\/www.polypoles.com\/es\/calefaccion-de-alquiler-nancy\/"]}]},{"@type":"ImageObject","inLanguage":"es","@id":"https:\/\/www.polypoles.com\/es\/calefaccion-de-alquiler-nancy\/#primaryimage","url":"https:\/\/www.polypoles.com\/wp-content\/uploads\/2021\/10\/Agence-de-Nancy.jpg","contentUrl":"https:\/\/www.polypoles.com\/wp-content\/uploads\/2021\/10\/Agence-de-Nancy.jpg","width":628,"height":470,"caption":"Agence polypoles nancy"},{"@type":"BreadcrumbList","@id":"https:\/\/www.polypoles.com\/es\/calefaccion-de-alquiler-nancy\/#breadcrumb","itemListElement":[{"@type":"ListItem","position":1,"name":"Home","item":"https:\/\/www.polypoles.com\/es\/"},{"@type":"ListItem","position":2,"name":"Calefacci\u00f3n de alquiler Nancy"}]},{"@type":"WebSite","@id":"https:\/\/www.polypoles.com\/es\/#website","url":"https:\/\/www.polypoles.com\/es\/","name":"Polypoles","description":"Votre partenaire chaud-froid","publisher":{"@id":"https:\/\/www.polypoles.com\/es\/#organization"},"potentialAction":[{"@type":"SearchAction","target":{"@type":"EntryPoint","urlTemplate":"https:\/\/www.polypoles.com\/es\/?s={search_term_string}"},"query-input":{"@type":"PropertyValueSpecification","valueRequired":true,"valueName":"search_term_string"}}],"inLanguage":"es"},{"@type":"Organization","@id":"https:\/\/www.polypoles.com\/es\/#organization","name":"Polypoles","url":"https:\/\/www.polypoles.com\/es\/","logo":{"@type":"ImageObject","inLanguage":"es","@id":"https:\/\/www.polypoles.com\/es\/#\/schema\/logo\/image\/","url":"https:\/\/www.polypoles.com\/wp-content\/uploads\/2024\/06\/base-25-cm-300-DPI-scaled.jpg","contentUrl":"https:\/\/www.polypoles.com\/wp-content\/uploads\/2024\/06\/base-25-cm-300-DPI-scaled.jpg","width":2560,"height":497,"caption":"Polypoles"},"image":{"@id":"https:\/\/www.polypoles.com\/es\/#\/schema\/logo\/image\/"}}]}},"_links":{"self":[{"href":"https:\/\/www.polypoles.com\/es\/wp-json\/wp\/v2\/pages\/24787","targetHints":{"allow":["GET"]}}],"collection":[{"href":"https:\/\/www.polypoles.com\/es\/wp-json\/wp\/v2\/pages"}],"about":[{"href":"https:\/\/www.polypoles.com\/es\/wp-json\/wp\/v2\/types\/page"}],"author":[{"embeddable":true,"href":"https:\/\/www.polypoles.com\/es\/wp-json\/wp\/v2\/users\/3"}],"replies":[{"embeddable":true,"href":"https:\/\/www.polypoles.com\/es\/wp-json\/wp\/v2\/comments?post=24787"}],"version-history":[{"count":16,"href":"https:\/\/www.polypoles.com\/es\/wp-json\/wp\/v2\/pages\/24787\/revisions"}],"predecessor-version":[{"id":34339,"href":"https:\/\/www.polypoles.com\/es\/wp-json\/wp\/v2\/pages\/24787\/revisions\/34339"}],"wp:featuredmedia":[{"embeddable":true,"href":"https:\/\/www.polypoles.com\/es\/wp-json\/wp\/v2\/media\/13834"}],"wp:attachment":[{"href":"https:\/\/www.polypoles.com\/es\/wp-json\/wp\/v2\/media?parent=24787"}],"wp:term":[{"taxonomy":"post_tag","embeddable":true,"href":"https:\/\/www.polypoles.com\/es\/wp-json\/wp\/v2\/tags?post=24787"}],"curies":[{"name":"wp","href":"https:\/\/api.w.org\/{rel}","templated":true}]}}